{"id":6490,"date":"2026-08-26T20:49:55","date_gmt":"2026-08-26T18:49:55","guid":{"rendered":"https:\/\/orl-chu-caen.fr\/?page_id=6490"},"modified":"2026-08-26T20:50:08","modified_gmt":"2026-08-26T18:50:08","slug":"6490-2","status":"publish","type":"page","link":"https:\/\/orl-chu-caen.fr\/?page_id=6490","title":{"rendered":""},"content":{"rendered":"[et_pb_section fb_built=\u00a0\u00bb1&Prime; _builder_version=\u00a0\u00bb4.16&Prime; global_colors_info=\u00a0\u00bb{}\u00a0\u00bb theme_builder_area=\u00a0\u00bbpost_content\u00a0\u00bb][et_pb_row column_structure=\u00a0\u00bb2_5,3_5&Prime; _builder_version=\u00a0\u00bb4.24.2&Prime; _module_preset=\u00a0\u00bbdefault\u00a0\u00bb custom_padding=\u00a0\u00bb|0px||||\u00a0\u00bb box_shadow_style=\u00a0\u00bbpreset1&Prime; global_colors_info=\u00a0\u00bb{}\u00a0\u00bb theme_builder_area=\u00a0\u00bbpost_content\u00a0\u00bb][et_pb_column type=\u00a0\u00bb2_5&Prime; _builder_version=\u00a0\u00bb4.24.2&Prime; _module_preset=\u00a0\u00bbdefault\u00a0\u00bb global_colors_info=\u00a0\u00bb{}\u00a0\u00bb theme_builder_area=\u00a0\u00bbpost_content\u00a0\u00bb][et_pb_team_member name=\u00a0\u00bbDr Louis VINCENT\u00a0\u00bb position=\u00a0\u00bbInterne de Sp\u00e9cialit\u00e9\u00a0\u00bb image_url=\u00a0\u00bbhttps:\/\/orl-chu-caen.fr\/wp-content\/uploads\/2026\/08\/IMG_4767_VINCENT-2-scaled.jpg\u00a0\u00bb _builder_version=\u00a0\u00bb4.24.2&Prime; _module_preset=\u00a0\u00bbdefault\u00a0\u00bb header_font=\u00a0\u00bbAbel||||||||\u00a0\u00bb header_font_size=\u00a0\u00bb34px\u00a0\u00bb position_font=\u00a0\u00bbAbel||||||||\u00a0\u00bb position_font_size=\u00a0\u00bb21px\u00a0\u00bb background_color=\u00a0\u00bb#FFFFFF\u00a0\u00bb custom_padding=\u00a0\u00bb||3px|||\u00a0\u00bb hover_enabled=\u00a0\u00bb0&Prime; border_width_all=\u00a0\u00bb15px\u00a0\u00bb border_color_all=\u00a0\u00bb#FFFFFF\u00a0\u00bb border_width_all_image=\u00a0\u00bb9px\u00a0\u00bb border_color_all_image=\u00a0\u00bb#d2d0bb\u00a0\u00bb global_colors_info=\u00a0\u00bb{}\u00a0\u00bb theme_builder_area=\u00a0\u00bbpost_content\u00a0\u00bb title_text=\u00a0\u00bbIMG_4767_VINCENT 2&Prime; sticky_enabled=\u00a0\u00bb0&Prime;]<h3><\/h3>\n<h3>ORL et Chirurgie Cervico-Faciale<\/h3>[\/et_pb_team_member][\/et_pb_column][et_pb_column type=\u00a0\u00bb3_5&Prime; _builder_version=\u00a0\u00bb4.24.2&Prime; _module_preset=\u00a0\u00bbdefault\u00a0\u00bb global_colors_info=\u00a0\u00bb{}\u00a0\u00bb theme_builder_area=\u00a0\u00bbpost_content\u00a0\u00bb][et_pb_text _builder_version=\u00a0\u00bb4.24.2&Prime; _module_preset=\u00a0\u00bbdefault\u00a0\u00bb text_font=\u00a0\u00bbAbel||||||||\u00a0\u00bb width=\u00a0\u00bb100%\u00a0\u00bb custom_padding=\u00a0\u00bb0px|||||\u00a0\u00bb border_width_all=\u00a0\u00bb16px\u00a0\u00bb border_color_all=\u00a0\u00bbRGBA(255,255,255,0)\u00a0\u00bb inline_fonts=\u00a0\u00bbAbel\u00a0\u00bb global_colors_info=\u00a0\u00bb{}\u00a0\u00bb theme_builder_area=\u00a0\u00bbpost_content\u00a0\u00bb]<h1 class=\"wp-block-heading\"><\/h1>\n<h1 class=\"wp-block-heading\"><\/h1>\n<h2 class=\"wp-block-heading\"><strong>FORMATION ET TITRES<\/strong><\/h2>\n<p>&nbsp;<\/p>\n<p>Interne des h\u00f4pitaux<\/p>\n<p>Docteur en m\u00e9decine<\/p>\n<p>DU\u00a0P\u00e9dagogie en anatomie m\u00e9dicale<\/p>\n<p>Master 1 \u2013Anatomie \/ Radiologie<\/p>\n<p>FST Chirurgie Guerre<\/p>\n<p>&nbsp;<\/p>\n<h1 class=\"wp-block-heading\">  <\/h1>\n<h2 class=\"wp-block-heading\"><strong>SOCIETES SAVANTES<\/strong><\/h2>\n<h1 class=\"wp-block-heading\"> <\/h1>\n<p>Membre de la Soci\u00e9t\u00e9 d\u2019ORL et de Chirurgie Cervico-Faciale de Basse-Normandie<\/p>\n<h1 class=\"wp-block-heading\">  <\/h1>\n<p>&nbsp;<\/p>\n<h2 class=\"wp-block-heading\"><strong>DISCIPLINES<\/strong><\/h2>\n<h1 class=\"wp-block-heading\"> <\/h1>\n<p>Oto-Rhino-Laryngologie et Chirurgie Cervico-Faciale<\/p>\n<h1 class=\"wp-block-heading\"> <p>\u00a0 <\/p>\n <\/h1>\n<h2 class=\"wp-block-heading\"><strong>COORDONNEES<\/strong><\/h2>\n<h1 class=\"wp-block-heading\"> <\/h1>\n<p>Secr\u00e9tariat Service ORL\u00a0CHU de CAEN: 02.31.06.46.40<\/p>\n<h1 class=\"wp-block-heading\"> <\/h1>\n<p>Mail: <a href=\"mailto:chenneviere-a@chu-caen.fr\">vincent-l@chu-caen.fr<\/a><\/p>\n<h1 class=\"wp-block-heading\">  <\/h1>\n<h2 class=\"wp-block-heading\"><strong>COMMUNICATIONS ORALES<\/strong><strong><\/strong><\/h2>\n<p><strong><\/strong><\/p>\n<p>Soci\u00e9t\u00e9 Fran\u00e7aise de Neurochirurgie Marseille 2024 : La br\u00e8che m\u00e9ning\u00e9e cervicale post-traumatique une complication peu connue : Revue syst\u00e9matique de la litt\u00e9rature<strong><\/strong><\/p>\n<p><strong><\/strong><\/p>\n<h2 class=\"wp-block-heading\"><strong>COMMUNICATIONS ECRITES<\/strong><\/h2>\n<p><strong><\/strong><\/p>\n<h1 class=\"wp-block-heading\"> <\/h1>\n<p><u>Vincent L,<\/u> Hitier M, Gaberel T. Willis and his circle. Neurochirurgie. 2024 Mar;70(2):101548. doi: 10.1016\/j.neuchi.2024.101548. Epub 2024 Mar 8.<\/p>\n<p>&nbsp;<\/p>\n<p><u>Vincent L,<\/u> Robard L, Creveuil C, Babin E, Perreard M, Humbert M. Treatment of epistaxis in Osler-Weber-Rendu disease by bevacizumab nasal spray. The EROSB study: Determining the effective dose. Eur Ann Otorhinolaryngol Head Neck Dis. 2025\u00a0<\/p>\n<p>&nbsp;<\/p>\n<p><u>Vincent L<\/u>, Cathelinaud O, Bernard C, Morvan JB, Dagain A, Gaberel T, Beucler N. Multidisciplinary management for watertight surgical closure of pneumatized mastoid breach using fascia lata graft, following neurosurgical retrosigmoid approach: a technical note. Neurochirurgie. 2026 Jul 22;72(5):101853. doi: 10.1016\/j.neuchi.2026.101853.\u00a0<\/p>\n<p>&nbsp;<\/p>\n<p>Marchal J, Pasquet MA, Horeau M, <u>Vincent L<\/u>, Vielpeau L, Znazen M, Wahabou A, Avocevohoun C, Masmoudi M, Malczuk J, Emery E, Leclerc A. Evolution of neurosurgical on-call activity at caen university hospital between 2014 and 2024: a retrospective monocentric comparative study. Neurochirurgie. 2026 Mar;72(2):101770. doi: 10.1016\/j.neuchi.2026.101770. Epub 2026 Jan 20.\u00a0<\/p>\n<h3><\/h3>[\/et_pb_text][\/et_pb_column][\/et_pb_row][et_pb_row _builder_version=\u00a0\u00bb4.16&Prime; background_size=\u00a0\u00bbinitial\u00a0\u00bb background_position=\u00a0\u00bbtop_left\u00a0\u00bb background_repeat=\u00a0\u00bbrepeat\u00a0\u00bb global_colors_info=\u00a0\u00bb{}\u00a0\u00bb theme_builder_area=\u00a0\u00bbpost_content\u00a0\u00bb][et_pb_column type=\u00a0\u00bb4_4&Prime; _builder_version=\u00a0\u00bb4.16&Prime; custom_padding=\u00a0\u00bb|||\u00a0\u00bb global_colors_info=\u00a0\u00bb{}\u00a0\u00bb custom_padding__hover=\u00a0\u00bb|||\u00a0\u00bb theme_builder_area=\u00a0\u00bbpost_content\u00a0\u00bb][\/et_pb_column][\/et_pb_row][\/et_pb_section]","protected":false},"excerpt":{"rendered":"<p>ORL et Chirurgie Cervico-Faciale FORMATION ET TITRES &nbsp; Interne des h\u00f4pitaux Docteur en m\u00e9decine DU\u00a0P\u00e9dagogie en anatomie m\u00e9dicale Master 1 \u2013Anatomie \/ Radiologie FST Chirurgie Guerre &nbsp; SOCIETES SAVANTES Membre de la Soci\u00e9t\u00e9 d\u2019ORL et de Chirurgie Cervico-Faciale de Basse-Normandie &nbsp; DISCIPLINES Oto-Rhino-Laryngologie et Chirurgie Cervico-Faciale \u00a0 COORDONNEES Secr\u00e9tariat Service ORL\u00a0CHU de CAEN: 02.31.06.46.40 Mail: [&hellip;]<\/p>\n","protected":false},"author":1,"featured_media":0,"parent":0,"menu_order":0,"comment_status":"closed","ping_status":"closed","template":"","meta":{"_et_pb_use_builder":"on","_et_pb_old_content":"","_et_gb_content_width":"","ngg_post_thumbnail":0,"footnotes":""},"aioseo_notices":[],"_links":{"self":[{"href":"https:\/\/orl-chu-caen.fr\/index.php?rest_route=\/wp\/v2\/pages\/6490"}],"collection":[{"href":"https:\/\/orl-chu-caen.fr\/index.php?rest_route=\/wp\/v2\/pages"}],"about":[{"href":"https:\/\/orl-chu-caen.fr\/index.php?rest_route=\/wp\/v2\/types\/page"}],"author":[{"embeddable":true,"href":"https:\/\/orl-chu-caen.fr\/index.php?rest_route=\/wp\/v2\/users\/1"}],"replies":[{"embeddable":true,"href":"https:\/\/orl-chu-caen.fr\/index.php?rest_route=%2Fwp%2Fv2%2Fcomments&post=6490"}],"version-history":[{"count":4,"href":"https:\/\/orl-chu-caen.fr\/index.php?rest_route=\/wp\/v2\/pages\/6490\/revisions"}],"predecessor-version":[{"id":6496,"href":"https:\/\/orl-chu-caen.fr\/index.php?rest_route=\/wp\/v2\/pages\/6490\/revisions\/6496"}],"wp:attachment":[{"href":"https:\/\/orl-chu-caen.fr\/index.php?rest_route=%2Fwp%2Fv2%2Fmedia&parent=6490"}],"curies":[{"name":"wp","href":"https:\/\/api.w.org\/{rel}","templated":true}]}}