{"id":4590,"date":"2024-08-01T14:53:57","date_gmt":"2024-08-01T12:53:57","guid":{"rendered":"https:\/\/orl-chu-caen.fr\/?page_id=4590"},"modified":"2024-08-23T21:21:33","modified_gmt":"2024-08-23T19:21:33","slug":"dr-jerome-bois","status":"publish","type":"page","link":"https:\/\/orl-chu-caen.fr\/?page_id=4590","title":{"rendered":"Dr J\u00e9rome BOIS"},"content":{"rendered":"<p>[et_pb_section fb_built=\u00a0\u00bb1&Prime; _builder_version=\u00a0\u00bb4.16&Prime; global_colors_info=\u00a0\u00bb{}\u00a0\u00bb][et_pb_row column_structure=\u00a0\u00bb2_5,3_5&Prime; _builder_version=\u00a0\u00bb4.24.2&Prime; _module_preset=\u00a0\u00bbdefault\u00a0\u00bb custom_padding=\u00a0\u00bb|0px||||\u00a0\u00bb box_shadow_style=\u00a0\u00bbpreset1&Prime; global_colors_info=\u00a0\u00bb{}\u00a0\u00bb][et_pb_column type=\u00a0\u00bb2_5&Prime; _builder_version=\u00a0\u00bb4.24.2&Prime; _module_preset=\u00a0\u00bbdefault\u00a0\u00bb global_colors_info=\u00a0\u00bb{}\u00a0\u00bb][et_pb_team_member name=\u00a0\u00bbDr J\u00e9r\u00f4me BOIS\u00a0\u00bb position=\u00a0\u00bbPraticien Hospitalier\u00a0\u00bb image_url=\u00a0\u00bbhttps:\/\/orl-chu-caen.fr\/wp-content\/uploads\/2024\/05\/JEROME-BOIS-1-scaled.jpg\u00a0\u00bb _builder_version=\u00a0\u00bb4.24.2&Prime; _module_preset=\u00a0\u00bbdefault\u00a0\u00bb header_font=\u00a0\u00bbAbel||||||||\u00a0\u00bb header_font_size=\u00a0\u00bb34px\u00a0\u00bb position_font=\u00a0\u00bbAbel||||||||\u00a0\u00bb position_font_size=\u00a0\u00bb21px\u00a0\u00bb background_color=\u00a0\u00bb#FFFFFF\u00a0\u00bb custom_padding=\u00a0\u00bb||3px|||\u00a0\u00bb border_width_all=\u00a0\u00bb15px\u00a0\u00bb border_color_all=\u00a0\u00bb#FFFFFF\u00a0\u00bb border_width_all_image=\u00a0\u00bb9px\u00a0\u00bb border_color_all_image=\u00a0\u00bb#d2d0bb\u00a0\u00bb global_colors_info=\u00a0\u00bb{}\u00a0\u00bb]<\/p>\n<h3><\/h3>\n<h3>ORL P\u00e9diatrique, Otologie et Implantation Cochl\u00e9aire<\/h3>\n<p>[\/et_pb_team_member][\/et_pb_column][et_pb_column type=\u00a0\u00bb3_5&Prime; _builder_version=\u00a0\u00bb4.24.2&Prime; _module_preset=\u00a0\u00bbdefault\u00a0\u00bb global_colors_info=\u00a0\u00bb{}\u00a0\u00bb][et_pb_text _builder_version=\u00a0\u00bb4.24.2&Prime; _module_preset=\u00a0\u00bbdefault\u00a0\u00bb text_font=\u00a0\u00bbAbel||||||||\u00a0\u00bb width=\u00a0\u00bb100%\u00a0\u00bb custom_padding=\u00a0\u00bb0px|||||\u00a0\u00bb hover_enabled=\u00a0\u00bb0&Prime; inline_fonts=\u00a0\u00bbAbel\u00a0\u00bb global_colors_info=\u00a0\u00bb{}\u00a0\u00bb border_width_all=\u00a0\u00bb17px\u00a0\u00bb border_color_all=\u00a0\u00bbRGBA(255,255,255,0)\u00a0\u00bb sticky_enabled=\u00a0\u00bb0&Prime;]<\/p>\n<h1 class=\"wp-block-heading\">FORMATION ET TITRES<\/h1>\n<p>&nbsp;<\/p>\n<ul>\n<li><!-- \/divi:heading --><!-- divi:paragraph -->Praticien Hospitalier Contractuel (P.H.C)<\/li>\n<li><!-- \/divi:paragraph --><!-- divi:paragraph -->Docteur en M\u00e9decine (M.D.)<\/li>\n<li><!-- \/divi:paragraph --><!-- divi:paragraph -->D.E.S d\u2019Oto-rhino-laryngologie et de Chirurgie Cervico-Faciale<\/li>\n<li><!-- \/divi:paragraph --><!-- divi:paragraph -->Ancien Interne des H\u00f4pitaux<\/li>\n<li><!-- \/divi:paragraph --><!-- divi:paragraph -->Ancien Assistant des H\u00f4pitaux<\/li>\n<li><!-- \/divi:paragraph --><!-- divi:paragraph -->D.U de prise en charge clinique, paraclinique et th\u00e9rapeutique des vertiges<\/li>\n<li><!-- \/divi:paragraph --><!-- divi:paragraph -->D.I.U chirurgie de l\u2019oreille moyenne<\/li>\n<li><!-- \/divi:paragraph --><!-- divi:paragraph -->MASTER 2 de Neurosciences Unicaen<\/li>\n<li><!-- \/divi:paragraph --><!-- divi:paragraph -->DIU d&rsquo;ORL p\u00e9diatrique (2020-2021)<\/li>\n<\/ul>\n<p>&nbsp;<\/p>\n<p><!-- \/divi:paragraph --><!-- divi:shortcode --><!-- \/divi:shortcode --><!-- divi:heading --><\/p>\n<h1 class=\"wp-block-heading\">SOCIETES SAVANTES<\/h1>\n<p>&nbsp;<\/p>\n<ul>\n<li><!-- \/divi:heading --><!-- divi:paragraph -->Membre de la Soci\u00e9t\u00e9 d\u2019ORL et de Chirurgie Cervico-Faciale de Basse-Normandie<\/li>\n<\/ul>\n<p>&nbsp;<\/p>\n<h1><span style=\"font-family: inherit; font-weight: normal;\">DISCIPLINES<\/span><\/h1>\n<ul>\n<li><!-- \/divi:paragraph --><!-- divi:shortcode --><!-- \/divi:shortcode --><!-- divi:heading --> Oto-Rhino-Laryngologie et Chirurgie Cervico-Faciale<\/li>\n<li><!-- \/divi:paragraph --><!-- divi:paragraph -->ORL p\u00e9diatrique<\/li>\n<li>Otologie et Implantation Cochl\u00e9aire<\/li>\n<\/ul>\n<p>&nbsp;<\/p>\n<p><!-- \/divi:paragraph --><!-- divi:shortcode --><!-- \/divi:shortcode --><!-- divi:heading --><\/p>\n<h1 class=\"wp-block-heading\">ENSEIGNEMENT<\/h1>\n<p>&nbsp;<\/p>\n<ul>\n<li><!-- \/divi:heading --><!-- divi:paragraph -->Enseignant vacataire \u00e0 la Facult\u00e9 de M\u00e9decine de Caen<\/li>\n<li><!-- \/divi:paragraph --><!-- divi:paragraph -->Enseignant \u00e0 l&rsquo;Ecole d&rsquo;Orthophonie de l&rsquo;Universit\u00e9 de CAEN<\/li>\n<\/ul>\n<p>&nbsp;<\/p>\n<p><!-- \/divi:paragraph --><!-- divi:shortcode --><!-- \/divi:shortcode --><!-- divi:heading --><\/p>\n<h1 class=\"wp-block-heading\">RECHERCHE<\/h1>\n<p>&nbsp;<\/p>\n<p><strong>Bois J<\/strong>, Hitier M, Golding J, Besnard S<\/p>\n<p><!-- \/divi:paragraph --><!-- divi:paragraph -->Analyse du mal des transports \u00e0 Bord de l\u2019Astrolabe dans les mers Antarctiques\u00a0: \u00e9tat des lieux et recommandations<\/p>\n<p><strong>Bois J<\/strong>, Patron V<\/p>\n<p><!-- \/divi:paragraph --><!-- divi:paragraph -->\u00c9laboration d\u2019un guide de dissection de chirurgie endonasale ainsi que de vid\u00e9os de formation \u00e0 l\u2019attention des internes.<\/p>\n<p>&nbsp;<\/p>\n<p><!-- \/divi:paragraph --><!-- divi:shortcode --><!-- \/divi:shortcode --><!-- divi:heading --><\/p>\n<h1 class=\"wp-block-heading\">COORDONNEES<\/h1>\n<p>&nbsp;<\/p>\n<ul>\n<li><!-- \/divi:heading --><!-- divi:paragraph -->Secr\u00e9tariat Service ORL\u00a0CHU de CAEN: 02.31.06.30.75<\/li>\n<li><!-- \/divi:paragraph --><!-- divi:paragraph -->Mail\u00a0: <a href=\"mailto:bois-j@chu-caen.fr\">bois-j@chu-caen.fr<\/a><\/li>\n<\/ul>\n<p><!-- \/divi:paragraph --><!-- divi:shortcode --><!-- \/divi:shortcode --><!-- divi:heading --><\/p>\n<h1 class=\"wp-block-heading\">COMMUNICATIONS ORALES<\/h1>\n<p>&nbsp;<\/p>\n<p><!-- \/divi:heading --><!-- divi:paragraph --><strong><u>INTERNATIONALES<\/u><\/strong><\/p>\n<p>&nbsp;<\/p>\n<ul>\n<li><!-- \/divi:paragraph --><!-- divi:paragraph -->SICKVEST Program: Survey of Astrolab&rsquo;s passengers. Besnard S, Golding J, Hitier M , Vogt J, <strong>Bois J<\/strong>. (Congress of Motion Sickness, Islande 2019)<\/li>\n<\/ul>\n<p>&nbsp;<\/p>\n<p><!-- \/divi:paragraph --><!-- divi:heading --><\/p>\n<h1 class=\"wp-block-heading\">PUBLICATION SCIENTIFIQUES<\/h1>\n<p>&nbsp;<\/p>\n<p><!-- \/divi:heading --><!-- divi:paragraph --><a href=\"https:\/\/pubmed.ncbi.nlm.nih.gov\/34127413\/\">How we do it: Surgery of the severe epistaxis with video.<\/a><\/p>\n<p><strong>Bois J<\/strong>, Patron V, Humbert M.<\/p>\n<p><!-- \/divi:paragraph --><!-- divi:paragraph --> Eur Ann Otorhinolaryngol Head Neck Dis. 2021<\/p>\n<p>&nbsp;<\/p>\n<p><!-- \/divi:paragraph --><!-- divi:paragraph --><a href=\"https:\/\/pubmed.ncbi.nlm.nih.gov\/34645552\/\">Motion Sickness Lessons from the Southern Ocean.<\/a><\/p>\n<p><!-- \/divi:paragraph --><!-- divi:paragraph -->Besnard S, <strong>Bois J<\/strong>, Hitier M, Vogt J, Laforet P, Golding JF.<\/p>\n<p><!-- \/divi:paragraph --><!-- divi:paragraph -->Aerosp Med Hum Perform. 2021<\/p>\n<p>&nbsp;<\/p>\n<p><!-- \/divi:paragraph --><!-- divi:paragraph -->\u00a0<a href=\"https:\/\/pubmed.ncbi.nlm.nih.gov\/34515438\/\">Impact of the COVID-19 confinement on movement behaviors among French young children: the ONAPS national survey.<\/a><\/p>\n<p><!-- \/divi:paragraph --><!-- divi:paragraph -->Fillon A, Lambert C, Tardieu M, Genin P, Larras B, Melsens P, <strong>Bois J<\/strong>, Pereira B, Fearnbach NS, Tremblay A, Duclos M, Thivel D.<\/p>\n<p><!-- \/divi:paragraph --><!-- divi:paragraph -->\u00a0Minerva Pediatr (Torino). 2021<\/p>\n<p>&nbsp;<\/p>\n<p>&nbsp;<\/p>\n<p><!-- \/divi:paragraph --><!-- divi:paragraph --><\/p>\n<p>&nbsp;<\/p>\n<p>&nbsp;<\/p>\n<p>&nbsp;<\/p>\n<p>&nbsp;<\/p>\n<p>[\/et_pb_text][\/et_pb_column][\/et_pb_row][et_pb_row _builder_version=\u00a0\u00bb4.16&Prime; background_size=\u00a0\u00bbinitial\u00a0\u00bb background_position=\u00a0\u00bbtop_left\u00a0\u00bb background_repeat=\u00a0\u00bbrepeat\u00a0\u00bb global_colors_info=\u00a0\u00bb{}\u00a0\u00bb][et_pb_column type=\u00a0\u00bb4_4&Prime; _builder_version=\u00a0\u00bb4.16&Prime; custom_padding=\u00a0\u00bb|||\u00a0\u00bb global_colors_info=\u00a0\u00bb{}\u00a0\u00bb custom_padding__hover=\u00a0\u00bb|||\u00a0\u00bb][et_pb_text _builder_version=\u00a0\u00bb4.16&Prime; background_size=\u00a0\u00bbinitial\u00a0\u00bb background_position=\u00a0\u00bbtop_left\u00a0\u00bb background_repeat=\u00a0\u00bbrepeat\u00a0\u00bb global_colors_info=\u00a0\u00bb{}\u00a0\u00bb][\/et_pb_text][\/et_pb_column][\/et_pb_row][\/et_pb_section][et_pb_section fb_built=\u00a0\u00bb1&Prime; fullwidth=\u00a0\u00bbon\u00a0\u00bb _builder_version=\u00a0\u00bb4.24.2&Prime; _module_preset=\u00a0\u00bbdefault\u00a0\u00bb global_colors_info=\u00a0\u00bb{}\u00a0\u00bb][\/et_pb_section]<\/p>\n","protected":false},"excerpt":{"rendered":"<p>ORL P\u00e9diatrique, Otologie et Implantation Cochl\u00e9aireFORMATION ET TITRES &nbsp; Praticien Hospitalier Contractuel (P.H.C) Docteur en M\u00e9decine (M.D.) D.E.S d\u2019Oto-rhino-laryngologie et de Chirurgie Cervico-Faciale Ancien Interne des H\u00f4pitaux Ancien Assistant des H\u00f4pitaux D.U de prise en charge clinique, paraclinique et th\u00e9rapeutique des vertiges D.I.U chirurgie de l\u2019oreille moyenne MASTER 2 de Neurosciences Unicaen DIU d&rsquo;ORL p\u00e9diatrique [&hellip;]<\/p>\n","protected":false},"author":1,"featured_media":0,"parent":0,"menu_order":0,"comment_status":"closed","ping_status":"closed","template":"","meta":{"_et_pb_use_builder":"on","_et_pb_old_content":"<!-- wp:heading -->\n<h2 class=\"wp-block-heading\">FORMATION ET TITRES<\/h2>\n<!-- \/wp:heading -->\n\n<!-- wp:paragraph -->\n<p>Praticien Hospitalier Contractuel (P.H.C)<\/p>\n<!-- \/wp:paragraph -->\n\n<!-- wp:paragraph -->\n<p>Docteur en M\u00e9decine (M.D.)<\/p>\n<!-- \/wp:paragraph -->\n\n<!-- wp:paragraph -->\n<p>D.E.S d\u2019Oto-rhino-laryngologie et de Chirurgie Cervico-Faciale<\/p>\n<!-- \/wp:paragraph -->\n\n<!-- wp:paragraph -->\n<p>Ancien Interne des H\u00f4pitaux<\/p>\n<!-- \/wp:paragraph -->\n\n<!-- wp:paragraph -->\n<p>Ancien Assistant des H\u00f4pitaux<\/p>\n<!-- \/wp:paragraph -->\n\n<!-- wp:paragraph -->\n<p>D.U de prise en charge clinique, paraclinique et th\u00e9rapeutique des vertiges<\/p>\n<!-- \/wp:paragraph -->\n\n<!-- wp:paragraph -->\n<p>D.I.U chirurgie de l\u2019oreille moyenne<\/p>\n<!-- \/wp:paragraph -->\n\n<!-- wp:paragraph -->\n<p>MASTER 2 de Neurosciences Unicaen<\/p>\n<!-- \/wp:paragraph -->\n\n<!-- wp:paragraph -->\n<p>DIU d'ORL p\u00e9diatrique (2020-2021)<\/p>\n<!-- \/wp:paragraph -->\n\n<!-- wp:shortcode -->\n[spacer size=\"20\"]\n<!-- \/wp:shortcode -->\n\n<!-- wp:heading -->\n<h2 class=\"wp-block-heading\">SOCIETES SAVANTES<\/h2>\n<!-- \/wp:heading -->\n\n<!-- wp:paragraph -->\n<p>Membre de la Soci\u00e9t\u00e9 d\u2019ORL et de Chirurgie Cervico-Faciale de Basse-Normandie<\/p>\n<!-- \/wp:paragraph -->\n\n<!-- wp:shortcode -->\n[spacer size=\"20\"]\n<!-- \/wp:shortcode -->\n\n<!-- wp:heading -->\n<h2 class=\"wp-block-heading\">DISCIPLINES<\/h2>\n<!-- \/wp:heading -->\n\n<!-- wp:paragraph -->\n<p>Oto-Rhino-Laryngologie et Chirurgie Cervico-Faciale<\/p>\n<!-- \/wp:paragraph -->\n\n<!-- wp:paragraph -->\n<p>ORL p\u00e9diatrique<\/p>\n<!-- \/wp:paragraph -->\n\n<!-- wp:shortcode -->\n[spacer size=\"20\"]\n<!-- \/wp:shortcode -->\n\n<!-- wp:heading -->\n<h2 class=\"wp-block-heading\">ENSEIGNEMENT<\/h2>\n<!-- \/wp:heading -->\n\n<!-- wp:paragraph -->\n<p>Enseignant \u00e0 la Facult\u00e9 de M\u00e9decine de Caen<\/p>\n<!-- \/wp:paragraph -->\n\n<!-- wp:paragraph -->\n<p>Enseignant \u00e0 l'Ecole d'Orthophonie de l'Universit\u00e9 de CAEN<\/p>\n<!-- \/wp:paragraph -->\n\n<!-- wp:shortcode -->\n[spacer size=\"20\"]\n<!-- \/wp:shortcode -->\n\n<!-- wp:heading -->\n<h2 class=\"wp-block-heading\">RECHERCHE<\/h2>\n<!-- \/wp:heading -->\n\n<!-- wp:paragraph -->\n<p><strong>Bois J<\/strong>, Hitier M, Golding J, Besnard S<\/p>\n<!-- \/wp:paragraph -->\n\n<!-- wp:paragraph -->\n<p>Analyse du mal des transports \u00e0 Bord de l\u2019Astrolabe dans les mers Antarctiques&nbsp;: \u00e9tat des lieux et recommandations<\/p>\n<!-- \/wp:paragraph -->\n\n<!-- wp:paragraph -->\n<p><strong>Bois J<\/strong>, Patron V<\/p>\n<!-- \/wp:paragraph -->\n\n<!-- wp:paragraph -->\n<p>\u00c9laboration d\u2019un guide de dissection de chirurgie endonasale ainsi que de vid\u00e9os de formation \u00e0 l\u2019attention des internes.<\/p>\n<!-- \/wp:paragraph -->\n\n<!-- wp:shortcode -->\n[spacer size=\"20\"]\n<!-- \/wp:shortcode -->\n\n<!-- wp:heading -->\n<h2 class=\"wp-block-heading\">COORDONNEES<\/h2>\n<!-- \/wp:heading -->\n\n<!-- wp:paragraph -->\n<p>Secr\u00e9tariat Service ORL&nbsp;CHU de CAEN: 02.31.06.30.75<\/p>\n<!-- \/wp:paragraph -->\n\n<!-- wp:paragraph -->\n<p>Mail&nbsp;: bois-j@chu-caen.fr<\/p>\n<!-- \/wp:paragraph -->\n\n<!-- wp:shortcode -->\n[spacer size=\"20\"]\n<!-- \/wp:shortcode -->\n\n<!-- wp:heading -->\n<h2 class=\"wp-block-heading\">COMMUNICATIONS ORALES<\/h2>\n<!-- \/wp:heading -->\n\n<!-- wp:paragraph -->\n<p><strong><u>INTERNATIONALES<\/u><\/strong><\/p>\n<!-- \/wp:paragraph -->\n\n<!-- wp:paragraph -->\n<p>SICKVEST Program: Survey of Astrolab's passengers. Besnard S, Golding J, Hitier M , Vogt J, <strong>Bois J<\/strong>. (Congress of Motion Sickness, Islande 2019)<\/p>\n<!-- \/wp:paragraph -->\n\n<!-- wp:heading -->\n<h2 class=\"wp-block-heading\">PUBLICATION SCIENTIFIQUES<\/h2>\n<!-- \/wp:heading -->\n\n<!-- wp:paragraph -->\n<p><a href=\"https:\/\/pubmed.ncbi.nlm.nih.gov\/34127413\/\">How we do it: Surgery of the severe epistaxis with video.<\/a><\/p>\n<!-- \/wp:paragraph -->\n\n<!-- wp:paragraph -->\n<p><strong>Bois J<\/strong>, Patron V, Humbert M.<\/p>\n<!-- \/wp:paragraph -->\n\n<!-- wp:paragraph -->\n<p>Eur Ann Otorhinolaryngol Head Neck Dis. 2021<\/p>\n<!-- \/wp:paragraph -->\n\n<!-- wp:paragraph -->\n<p><a href=\"https:\/\/pubmed.ncbi.nlm.nih.gov\/34645552\/\">Motion Sickness Lessons from the Southern Ocean.<\/a><\/p>\n<!-- \/wp:paragraph -->\n\n<!-- wp:paragraph -->\n<p>Besnard S, <strong>Bois J<\/strong>, Hitier M, Vogt J, Laforet P, Golding JF.<\/p>\n<!-- \/wp:paragraph -->\n\n<!-- wp:paragraph -->\n<p>Aerosp Med Hum Perform. 2021<\/p>\n<!-- \/wp:paragraph -->\n\n<!-- wp:paragraph -->\n<p><a href=\"https:\/\/pubmed.ncbi.nlm.nih.gov\/34515438\/\">Impact of the COVID-19 confinement on movement behaviors among French young children: the ONAPS national survey.<\/a><\/p>\n<!-- \/wp:paragraph -->\n\n<!-- wp:paragraph -->\n<p>Fillon A, Lambert C, Tardieu M, Genin P, Larras B, Melsens P, <strong>Bois J<\/strong>, Pereira B, Fearnbach NS, Tremblay A, Duclos M, Thivel D.<\/p>\n<!-- \/wp:paragraph -->\n\n<!-- wp:paragraph -->\n<p>Minerva Pediatr (Torino). 2021<\/p>\n<!-- \/wp:paragraph -->","_et_gb_content_width":"","ngg_post_thumbnail":0,"footnotes":""},"aioseo_notices":[],"_links":{"self":[{"href":"https:\/\/orl-chu-caen.fr\/index.php?rest_route=\/wp\/v2\/pages\/4590"}],"collection":[{"href":"https:\/\/orl-chu-caen.fr\/index.php?rest_route=\/wp\/v2\/pages"}],"about":[{"href":"https:\/\/orl-chu-caen.fr\/index.php?rest_route=\/wp\/v2\/types\/page"}],"author":[{"embeddable":true,"href":"https:\/\/orl-chu-caen.fr\/index.php?rest_route=\/wp\/v2\/users\/1"}],"replies":[{"embeddable":true,"href":"https:\/\/orl-chu-caen.fr\/index.php?rest_route=%2Fwp%2Fv2%2Fcomments&post=4590"}],"version-history":[{"count":14,"href":"https:\/\/orl-chu-caen.fr\/index.php?rest_route=\/wp\/v2\/pages\/4590\/revisions"}],"predecessor-version":[{"id":6269,"href":"https:\/\/orl-chu-caen.fr\/index.php?rest_route=\/wp\/v2\/pages\/4590\/revisions\/6269"}],"wp:attachment":[{"href":"https:\/\/orl-chu-caen.fr\/index.php?rest_route=%2Fwp%2Fv2%2Fmedia&parent=4590"}],"curies":[{"name":"wp","href":"https:\/\/api.w.org\/{rel}","templated":true}]}}