{"id":4578,"date":"2024-07-27T14:49:36","date_gmt":"2024-07-27T12:49:36","guid":{"rendered":"https:\/\/orl-chu-caen.fr\/?page_id=4578"},"modified":"2024-08-22T18:02:23","modified_gmt":"2024-08-22T16:02:23","slug":"pr-martin-hitier-2","status":"publish","type":"page","link":"https:\/\/orl-chu-caen.fr\/?page_id=4578","title":{"rendered":"Pr. Martin HITIER"},"content":{"rendered":"<p>[et_pb_section fb_built=\u00a0\u00bb1&Prime; _builder_version=\u00a0\u00bb4.16&Prime; global_colors_info=\u00a0\u00bb{}\u00a0\u00bb][et_pb_row column_structure=\u00a0\u00bb2_5,3_5&Prime; _builder_version=\u00a0\u00bb4.24.2&Prime; _module_preset=\u00a0\u00bbdefault\u00a0\u00bb custom_padding=\u00a0\u00bb|0px||||\u00a0\u00bb box_shadow_style=\u00a0\u00bbpreset1&Prime; global_colors_info=\u00a0\u00bb{}\u00a0\u00bb][et_pb_column type=\u00a0\u00bb2_5&Prime; _builder_version=\u00a0\u00bb4.24.2&Prime; _module_preset=\u00a0\u00bbdefault\u00a0\u00bb global_colors_info=\u00a0\u00bb{}\u00a0\u00bb][et_pb_team_member name=\u00a0\u00bbPr Martin HITIER\u00a0\u00bb position=\u00a0\u00bbPraticien Hospitalier &#8211; Professeur des Universit\u00e9s\u00a0\u00bb image_url=\u00a0\u00bbhttps:\/\/orl-chu-caen.fr\/wp-content\/uploads\/2024\/07\/MARTIN-HITIER.jpg\u00a0\u00bb _builder_version=\u00a0\u00bb4.24.2&Prime; _module_preset=\u00a0\u00bbdefault\u00a0\u00bb header_font=\u00a0\u00bbAbel||||||||\u00a0\u00bb header_font_size=\u00a0\u00bb34px\u00a0\u00bb position_font=\u00a0\u00bbAbel||||||||\u00a0\u00bb position_font_size=\u00a0\u00bb21px\u00a0\u00bb background_color=\u00a0\u00bb#FFFFFF\u00a0\u00bb custom_padding=\u00a0\u00bb||3px|||\u00a0\u00bb border_width_all=\u00a0\u00bb15px\u00a0\u00bb border_color_all=\u00a0\u00bb#FFFFFF\u00a0\u00bb border_width_all_image=\u00a0\u00bb9px\u00a0\u00bb border_color_all_image=\u00a0\u00bb#d2d0bb\u00a0\u00bb global_colors_info=\u00a0\u00bb{}\u00a0\u00bb]<\/p>\n<h3><\/h3>\n<h3>Otologie, Implants Cochl\u00e9aires, Neurinomes<\/h3>\n<h3>Chirurgie du Nerf Facial, Chirurgie de la Base du Cr\u00e2ne<\/h3>\n<p>[\/et_pb_team_member][\/et_pb_column][et_pb_column type=\u00a0\u00bb3_5&Prime; _builder_version=\u00a0\u00bb4.24.2&Prime; _module_preset=\u00a0\u00bbdefault\u00a0\u00bb global_colors_info=\u00a0\u00bb{}\u00a0\u00bb][et_pb_text _builder_version=\u00a0\u00bb4.24.2&Prime; _module_preset=\u00a0\u00bbdefault\u00a0\u00bb text_font=\u00a0\u00bbAbel||||||||\u00a0\u00bb text_font_size=\u00a0\u00bb13px\u00a0\u00bb width=\u00a0\u00bb100%\u00a0\u00bb custom_padding=\u00a0\u00bb0px|||||\u00a0\u00bb hover_enabled=\u00a0\u00bb0&Prime; inline_fonts=\u00a0\u00bbAbel\u00a0\u00bb global_colors_info=\u00a0\u00bb{}\u00a0\u00bb border_width_all=\u00a0\u00bb16px\u00a0\u00bb border_color_all=\u00a0\u00bbRGBA(255,255,255,0)\u00a0\u00bb sticky_enabled=\u00a0\u00bb0&Prime;]<\/p>\n<p>&nbsp;<\/p>\n<h3><\/h3>\n<p><span style=\"font-size: x-large;\"><!-- \/wp:paragraph --><\/span><\/p>\n<h3><span style=\"font-size: x-large;\">FORMATION ET TITRES<\/span><\/h3>\n<ul>\n<li><span style=\"font-size: x-large;\">Chef du Service d\u2019ORL et de Chirurgie Cervico-Faciale du CHU de Caen<\/span><\/li>\n<li><span style=\"font-size: x-large;\">Professeur des Universit\u00e9s (P.U.)<\/span><\/li>\n<li><span style=\"font-size: x-large;\">Praticien Hospitalier (P.H.)<\/span><\/li>\n<li><span style=\"font-size: x-large;\">Docteur en M\u00e9decine (M.D.)<\/span><\/li>\n<li><span style=\"font-size: x-large;\">Docteur en Science\u00a0 (Ph.D)<\/span><\/li>\n<li><span style=\"font-size: x-large;\">Habilitation \u00e0 Diriger les Recherches (HDR)<\/span><\/li>\n<li><span style=\"font-size: x-large;\">D.E.S d\u2019Oto-Rhino-Laryngologie et de Chirurgie Cervico-Faciale<\/span><\/li>\n<li><span style=\"font-size: x-large;\">D.E.S.C. de Chirurgie de la Face et du Cou<\/span><\/li>\n<li><span style=\"font-size: x-large;\">Ancien Chef de Clinique-Assistant des H\u00f4pitaux<\/span><\/li>\n<li><span style=\"font-size: x-large;\">Ancien Interne des H\u00f4pitaux<\/span><\/li>\n<li><span style=\"font-size: x-large;\">D.U. de Microchirurgie<\/span><\/li>\n<li><span style=\"font-size: x-large;\">D.U. d\u2019Audiophonologie et\u00a0 d\u2019Otologie de l\u2019Enfant<\/span><\/li>\n<li><span style=\"font-size: x-large;\">D.U. M\u00e9decine de Montagne<\/span><\/li>\n<li><span style=\"font-size: x-large;\">Capacit\u00e9 de M\u00e9decine Aerospatiale<\/span><\/li>\n<\/ul>\n<p><span style=\"font-size: x-large;\">\u00a0<\/span><\/p>\n<h3><span style=\"font-size: x-large;\">SOCIETES SAVANTES<\/span><\/h3>\n<ul>\n<li><span style=\"font-size: x-large;\">Membre de la Soci\u00e9t\u00e9 Fran\u00e7aise d\u2019ORL de de Chirurgie Cervico-Faciale.<\/span><\/li>\n<li><span style=\"font-size: x-large;\">Membre de la Soci\u00e9t\u00e9 d\u2019ORL et de Chirurgie Cervico-Faciale de Basse-Normandie<\/span><\/li>\n<li><span style=\"font-size: x-large;\">Membre de la Soci\u00e9t\u00e9 Anatomique de Paris<\/span><\/li>\n<li><span style=\"font-size: x-large;\">Membre du Coll\u00e8ge M\u00e9dical Fran\u00e7ais des Professeurs d\u2019Anatomie<\/span><\/li>\n<li><span style=\"font-size: x-large;\">Membre du Brain Health Research Center, University of Otago, Nouvelle-Z\u00e9lande<\/span><\/li>\n<li><span style=\"font-size: x-large;\">Membre de l\u2019Association Fran\u00e7aise d\u2019ORL p\u00e9diatrique<\/span><\/li>\n<li><span style=\"font-size: x-large;\">Membre du Coll\u00e8ge Fran\u00e7ais des enseignants en <span class=\"tooltipsall tooltipsincontent classtoolTips153\" data-hasqtip=\"1\">ORL<\/span>-Chirurgie Cervicofaciale<\/span><\/li>\n<li><span style=\"font-size: x-large;\">Membre de l\u2019European Skull Base Society<\/span><\/li>\n<li><span style=\"font-size: x-large;\">Membre de la Soci\u00e9t\u00e9 International d\u2019Otoneurologie<\/span><\/li>\n<li><span style=\"font-size: x-large;\">Membre du Groupe De Recherche \u00ab\u00a0Vertige\u00a0\u00bb (GDR)<\/span><\/li>\n<\/ul>\n<p><span style=\"font-size: x-large;\">\u00a0<\/span><\/p>\n<h3><span style=\"font-size: x-large;\">DISCIPLINES<\/span><\/h3>\n<ul>\n<li><span style=\"font-size: x-large;\">Oto-Rhino-Laryngologie et Chirurgie Cervico-Faciale<\/span><\/li>\n<li><span style=\"font-size: x-large;\">Otologie et Oto-neurochirurgie<\/span><\/li>\n<li><span style=\"font-size: x-large;\">Chirurgie de la Base du Cr\u00e2ne<\/span><\/li>\n<li><span style=\"font-size: x-large;\">Implantation Cochl\u00e9aire<\/span><\/li>\n<li><span style=\"font-size: x-large;\">Chirurgie <span class=\"tooltipsall tooltipsincontent classtoolTips153\" data-hasqtip=\"2\">ORL<\/span> p\u00e9diatrique<\/span><\/li>\n<\/ul>\n<p><span style=\"font-size: x-large;\">\u00a0<\/span><\/p>\n<h3><span style=\"font-size: x-large;\">RECHERCHE<\/span><\/h3>\n<ul>\n<li><span style=\"font-size: x-large;\">Chercheur associ\u00e9 \u00e0 <span class=\"tooltipsall tooltipsincontent classtoolTips15\" data-hasqtip=\"0\">INSERM<\/span> U 1075 \u2013 COMETE \u2013 \u00abCOgnition, Mobilit\u00e9, Equilibre, TEmporalit\u00e9\u00bb<\/span><\/li>\n<li><span style=\"font-size: x-large;\">Chercheur associ\u00e9 au Vestibular and Hearing Group, University of Otago, Nouvelle Z\u00e9lande<\/span><\/li>\n<li><span style=\"font-size: x-large;\">Membre du GDR Vertige<\/span><\/li>\n<\/ul>\n<p><span style=\"font-size: x-large;\">\u00a0<\/span><\/p>\n<h3><span style=\"font-size: x-large;\">ENSEIGNEMENT<\/span><\/h3>\n<ul>\n<li><span style=\"font-size: x-large;\">Enseignant en Anatomie, Universit\u00e9 de Caen Normandie<\/span><\/li>\n<li><span style=\"font-size: x-large;\">Enseignant Ecole de Chirurgie, Universit\u00e9 de Caen Normandie<\/span><\/li>\n<li><span style=\"font-size: x-large;\">Enseignant Master Neuroscience, Universit\u00e9 de Caen Normandie<\/span><\/li>\n<li><span style=\"font-size: x-large;\">Enseignant Medical School University of Otago, Nouvelle Z\u00e9lande<\/span><\/li>\n<li><span style=\"font-size: x-large;\">Enseignant Master Activit\u00e9s Physiques Appliqu\u00e9es \u00e0 la Sant\u00e9, Universit\u00e9 de Caen Normandie<\/span><\/li>\n<li><span style=\"font-size: x-large;\">Enseignement Dipl\u00f4me Inter-Universitaire Chirurgie <span class=\"tooltipsall tooltipsincontent classtoolTips153\" data-hasqtip=\"3\">ORL<\/span> Cervico-faciale et base du cr\u00e2ne<\/span><\/li>\n<\/ul>\n<p><span style=\"font-size: x-large;\">\u00a0<\/span><\/p>\n<h3><span style=\"font-size: x-large;\">ACTIVITES COMPLEMENTAIRES<\/span><\/h3>\n<ul>\n<li><span style=\"font-size: x-large;\">Reviewer pour Surgical and Radiologic Anatomy<\/span><\/li>\n<li><span style=\"font-size: x-large;\">Reviewer pour Frontier in Neuroscience<\/span><\/li>\n<li><span style=\"font-size: x-large;\">Reviewer pour Journal of Neuroscience<\/span><\/li>\n<li><span style=\"font-size: x-large;\">Reviewer pour European Annals of Otorhinolaryngol Head Neck<\/span><\/li>\n<\/ul>\n<p><span style=\"font-size: x-large;\">\u00a0<\/span><\/p>\n<h3><span style=\"font-size: x-large;\">HORAIRES DE CONSULTATION<\/span><\/h3>\n<ul>\n<li><span style=\"font-size: x-large;\">Mercredi de 9h \u00e0 12h30 et de 14h \u00e0 16h30<\/span><\/li>\n<li><span style=\"font-size: x-large;\">Vendredi de 9h \u00e0 12h30<\/span><\/li>\n<li><span style=\"font-size: x-large;\">Consultation pluridisciplinaire \u00ab\u00a0Paralysie Faciale\u00a0\u00bb\u00a0 le mercredi matin<\/span><\/li>\n<li><span style=\"font-size: x-large;\">Consultation pluridisciplinaire \u00ab\u00a0Vertiges\u00a0\u00bb<\/span><\/li>\n<\/ul>\n<p><span style=\"font-size: x-large;\">\u00a0<\/span><\/p>\n<h3><span style=\"font-size: x-large;\">COORDONNEES<\/span><\/h3>\n<ul>\n<li><span style=\"font-size: x-large;\">RPPS: 10005160196<\/span><\/li>\n<li><span style=\"font-size: x-large;\">Secr\u00e9tariat Service <span class=\"tooltipsall tooltipsincontent classtoolTips153\" data-hasqtip=\"4\">ORL<\/span> CHU de CAEN : 02.31.06.46.40<\/span><\/li>\n<li><span style=\"font-size: x-large;\">Secr\u00e9tariat Service d\u2019Anatomie\u00a0: 02.31.06.82.09 ou medecine.anatomie@unicaen.fr<\/span><\/li>\n<li><span style=\"font-size: x-large;\">Mail\u00a0: hitier-m@chu-caen.fr<\/span><\/li>\n<\/ul>\n<p><span style=\"font-size: x-large;\">\u00a0<\/span><\/p>\n<h3><span style=\"font-size: x-large;\">CHAPITRE DE LIVRE<\/span><\/h3>\n<p><span style=\"font-size: x-large;\">Carcinomes \u00e0 petites cellules des cavit\u00e9s nasales et paranasales. Babin E, Hitier M, Vedrine PO, Planes C, Toussaint B, Simon C, Rame JP, de Raucourt D, Dehesdin D, Pignat JC, Cosmidis A, Makaeieff Actualit\u00e9s de carcinologie cervico-faciale. Cancers des voies a\u00e9ro-digestives superieurs\u00a0: les tumeurs du massif faciale et des cavit\u00e9s naso-sinusiennes, EDK, Paris, 2004.<\/span><\/p>\n<p><span style=\"font-size: x-large;\">\u00a0<\/span><\/p>\n<p><span style=\"font-size: x-large;\">Carcinome \u00e9pidermo\u00efde de la t\u00eate et du cou\u00a0: n\u00e9cessit\u00e9 d\u2019un curage ganglionnaire apr\u00e8s radio-chimioth\u00e9rapie concomitante\u00a0? Vedrine PO, Toussaint B, Hitier M, de Raucourt D, Makaieff M, Janot F, Lapeyre M. Actualit\u00e9s de carcinologie cervico-faciale\u00a0: Radiochimioth\u00e9rapie des cancers des voies a\u00e9ro-digestives sup\u00e9rieures, EDK, Paris, 2005.<\/span><\/p>\n<p><span style=\"font-size: x-large;\">\u00a0<\/span><\/p>\n<p><span style=\"font-size: x-large;\">Anatomie du nerf facial. Hitier M, Edy E, Salam\u00e9 E, Moreau S. Encyclop\u00e9die m\u00e9dico-chirurgicale, Oto-Rhino-Laryngologie, 20-258-A-10, Elsevier, 2006.<\/span><\/p>\n<p><span style=\"font-size: x-large;\">\u00a0<\/span><\/p>\n<p><span style=\"font-size: x-large;\">Notre exp\u00e9rience des ad\u00e9nopathies sans portes d\u2019entr\u00e9e. Hitier M, Loum B, Rame JP, de Raucourt\u00a0D. Actualit\u00e9s de carcinologie cervico-faciale\u00a0: les ad\u00e9nopathies m\u00e9tastatiques pr\u00e9dominantes, EDK, Paris, 2008.<\/span><\/p>\n<p><span style=\"font-size: x-large;\">\u00a0<\/span><\/p>\n<p><span style=\"font-size: x-large;\">Cancer de l\u2019\u0153sophage cervical. Boittin F, Hitier M, Lebreton G, Babin E. Encyclop\u00e9die m\u00e9dico-chirurgicale, Oto-Rhino-Laryngologie, 20-816-B-10, Elsevier, 2012.<\/span><\/p>\n<p><span style=\"font-size: x-large;\">\u00a0<\/span><\/p>\n<p><span style=\"font-size: x-large;\">Trach\u00e9e\u00a0: anatomie, physiologie, imagerie et endoscopie. Hitier M, Loaec M, Edy E, Moreau S. Encyclop\u00e9die m\u00e9dico-chirurgicale, Oto-Rhino-Laryngologie, 20-754-A-10, Elsevier, 2013.<\/span><\/p>\n<p><span style=\"font-size: x-large;\">\u00a0<\/span><\/p>\n<p><span style=\"font-size: x-large;\">Endoscopic repair of frontal sinus CSF leaks &amp; encephaloceles. Patron V, Hitier M. Atlas of Surgery on the Nose, Paranasal Sinuses, and Skull Base. Editors: Paolo Castelnuovo &amp; Samuel Becker, 2013.<\/span><\/p>\n<p><span style=\"font-size: x-large;\">\u00a0<\/span><\/p>\n<p><span style=\"font-size: x-large;\">Laryngite chronique. Plisson L, Hitier M, Babin E. Encyclop\u00e9die m\u00e9dico-chirurgicale, Oto-Rhino-Laryngologie, 20-645-C-10, Elsevier, 2013.<\/span><\/p>\n<p><span style=\"font-size: x-large;\">\u00a0<\/span><\/p>\n<p><span style=\"font-size: x-large;\">Prise en charge \u00e9pistaxis de l\u2019enfant. Patron V, Hitier M. <span class=\"tooltipsall tooltipsincontent classtoolTips153\" data-hasqtip=\"5\">ORL<\/span> de l\u2019enfant, (Fayoux P, Couloigner V. \u00e9d.), Elsevier Masson \u00e9d., 2016.<\/span><\/p>\n<p><span style=\"font-size: x-large;\">\u00a0<\/span><\/p>\n<p><span style=\"font-size: x-large;\">Cancer de l\u2019\u0153sophage cervical. Vella O, Hitier M, Babin E. Encyclop\u00e9die m\u00e9dico-chirurgicale, Oto-Rhino-Laryngologie, 20-816-B-10, Elsevier, 2018.<\/span><\/p>\n<p><span style=\"font-size: x-large;\">\u00a0<\/span><\/p>\n<p><span style=\"font-size: x-large;\">Prise en charge des l\u00e9sion de l\u2019apex p\u00e9treux. Hitier M, Patron V. Le monde de l\u2019otologie, Amplifon, 2021.<\/span><\/p>\n<p><span style=\"font-size: x-large;\">\u00a0<\/span><\/p>\n<p><span style=\"font-size: x-large;\">L\u2019ORL dans l\u2019Espace. Hitier M. Le monde de l\u2019otologie, Amplifon, 2021.<\/span><\/p>\n<p><span style=\"font-size: x-large;\">\u00a0<\/span><\/p>\n<h3><span style=\"font-size: x-large;\">LIVRE<\/span><\/h3>\n<p><span style=\"font-size: x-large;\">Chirurgie Endoscopique Endonasale, Collection Techniques Chirurgicales, Elsevier-Masson, 2021 avec V. Patron; M. Hitier, J. Bois, M. Humbert, E. Micault,<\/span><\/p>\n<p><span style=\"font-size: x-large;\">\u00a0<\/span><\/p>\n<h3><span style=\"font-size: x-large;\">RECHERCHE SCIENTIFIQUE PUBLI\u00c9E<\/span><\/h3>\n<p><span style=\"font-size: x-large;\">The advantages of modified Thiel technique in head and neck surgical anatomy teaching.<\/span><\/p>\n<p><span style=\"font-size: x-large;\">Humbert M, Micault E, Moreau S, Patron V, Bois J, Hitier M.<\/span><br \/><span style=\"font-size: x-large;\">Surg Radiol Anat. 2022 Mar;44(3):345-352. doi: 10.1007\/s00276-022-02895<\/span><br \/><span style=\"font-size: x-large;\">Radiological relationship of the ethmoid slit with the frontal sinus and the anterior ethmoidal artery and applications to the frontal sinus drillout.<\/span><\/p>\n<p><span style=\"font-size: x-large;\">Begaud L, Patron V, Escalard C, Hitier M, Hamon M, Humbert M.<\/span><br \/><span style=\"font-size: x-large;\">Eur Arch Otorhinolaryngol. 2022 Jun 30. doi: 10.1007\/s00405-022-07527<\/span><\/p>\n<p><span style=\"font-size: x-large;\">Motion Sickness Lessons from the Southern Ocean.<\/span><\/p>\n<p><span style=\"font-size: x-large;\">Besnard S, Bois J, Hitier M, Vogt J, Laforet P, Golding JF.<\/span><br \/><span style=\"font-size: x-large;\">Aerosp Med Hum Perform. 2021 <span class=\"tooltipsall tooltipsincontent classtoolTips194\" data-hasqtip=\"6\">SEP<\/span> 1;92(9):720-727.<\/span><\/p>\n<p><span style=\"font-size: x-large;\">Impaired Attentional Processing During Parabolic Flight.<\/span><\/p>\n<p><span style=\"font-size: x-large;\">Friedl-Werner A, Machado ML, Balestra C, Liegard Y, Philoxene B, Brauns K, Stahn AC, Hitier M, Besnard S.<\/span><br \/><span style=\"font-size: x-large;\">Front Physiol. 2021 May 13;12:675426. doi: 10.3389\/fphys.2021.675426. eCollection 2021<\/span><\/p>\n<p><span style=\"font-size: x-large;\">Stratification of hippocampal electrophysiological activation evoked by selective electrical stimulation of different angular and linear acceleration sensors in the rat peripheral vestibular system.<\/span><\/p>\n<p><span style=\"font-size: x-large;\">Hitier M, Zhang YF, Sato G, Besnard S, Zheng Y, Smith PF.<\/span><br \/><span style=\"font-size: x-large;\">Hear Res. 2021 Apr;403:108173. doi: 10.1016\/j.heares.2021.108173.<\/span><\/p>\n<p><span style=\"font-size: x-large;\">How to identify the anterior cribriform plate in the medial approach to the frontal sinus.<\/span><\/p>\n<p><span style=\"font-size: x-large;\">Patron V, Roussel LM, Moreau S, Hitier M.<\/span><br \/><span style=\"font-size: x-large;\">Eur Ann Otorhinolaryngol Head Neck Dis. 2021 May;138(3):201-204<\/span><\/p>\n<p><span style=\"font-size: x-large;\">The effects of selective electrical stimulation of the rat cochlea on hippocampal field potentials.<\/span><\/p>\n<p><span style=\"font-size: x-large;\">Hitier M, Zhang YF, Sato G, Besnard S, Zheng Y, Smith PF.<\/span><br \/><span style=\"font-size: x-large;\">Hear Res. 2020 <span class=\"tooltipsall tooltipsincontent classtoolTips194\" data-hasqtip=\"7\">SEP<\/span> 15;395:108023. doi: 10.1016\/j.heares.2020.108023.<\/span><br \/><span style=\"font-size: x-large;\">An anomalous form of dyspnoea.<\/span><\/p>\n<p><span style=\"font-size: x-large;\">Mouna B, Hitier M, Babin E, Dugas A.<\/span><br \/><span style=\"font-size: x-large;\">Eur Ann Otorhinolaryngol Head Neck Dis. 2020 Dec;137(6):515-516. doi: 10.1016\/j.anorl.2020.06.005.<\/span><\/p>\n<p><span style=\"font-size: x-large;\">New landmarks in endonasal surgery: from nasal bone to anterior cribriform plate including branches of anterior ethmoidal artery and nerve and terminal nerve.<\/span><\/p>\n<p><span style=\"font-size: x-large;\">Roussel LM, Patron V, Maubert E, Escalard C, Goux D, Beaudouin V, Lechapt E, Moreau S, Hitier M.<\/span><\/p>\n<p><span style=\"font-size: x-large;\">Int Forum Allergy Rhinol. 2019 Nov 13. doi: 10.1002\/alr.22480.<\/span><\/p>\n<p><span style=\"font-size: x-large;\">How to perform subperichondrial and subperiosteal rhinoplasty.<\/span><\/p>\n<p><span style=\"font-size: x-large;\">Patron V, Hitier M, Gamby R, Finocchi V, \u00c7akir B.<\/span><\/p>\n<p><span style=\"font-size: x-large;\">Eur Ann Otorhinolaryngol Head Neck Dis. 2019 <span class=\"tooltipsall tooltipsincontent classtoolTips194\" data-hasqtip=\"8\">SEP<\/span>;136(4):325-329<\/span><\/p>\n<p><span style=\"font-size: x-large;\">New detailed description of the anterior part of the cribriform plate using anatomic specimens and computed tomography.<\/span><\/p>\n<p><span style=\"font-size: x-large;\">Escalard C, Roussel LM, Hamon M, Kazemi A, Patron V, Hitier M.<\/span><\/p>\n<p><span style=\"font-size: x-large;\">Surg Radiol Anat. 2019 Jul;41(7):801-808<\/span><\/p>\n<p><span style=\"font-size: x-large;\">The balance of sleep: Role of the vestibular sensory system.<\/span><\/p>\n<p><span style=\"font-size: x-large;\">Besnard S, Tighilet B, Chabbert C, Hitier M, Toulouse J, Le Gall A, Machado ML, Smith PF.<\/span><\/p>\n<p><span style=\"font-size: x-large;\">Sleep Med Rev. 2018 Dec;42:220-228<\/span><\/p>\n<p><span style=\"font-size: x-large;\">Vestibular-related eye movements in the rat following selective electrical stimulation of the vestibular sensors.<\/span><\/p>\n<p><span style=\"font-size: x-large;\">Hitier M, Sato G, Zhang YF, Zheng Y, Besnard S, Smith PF.<\/span><\/p>\n<p><span style=\"font-size: x-large;\">J Comp Physiol A Neuroethol Sens Neural Behav Physiol. 2018 Oct;204(9-10):835-847.<\/span><\/p>\n<p><span style=\"font-size: x-large;\">Effects of electrical stimulation of the rat vestibular labyrinth on c-Fos expression in the hippocampus.<\/span><\/p>\n<p><span style=\"font-size: x-large;\">Hitier M, Sato G, Zhang YF, Besnard S, Smith PF.<\/span><\/p>\n<p><span style=\"font-size: x-large;\">Neurosci Lett. 2018 Jun 11.<\/span><\/p>\n<p><span style=\"font-size: x-large;\">\u00a0<\/span><\/p>\n<p><span style=\"font-size: x-large;\">Breaking the Myth of Central Neurological Complications in Stapedial Artery Surgery.<\/span><\/p>\n<p><span style=\"font-size: x-large;\">Hitier M, Moreau S, Labrousse M, Patron V.<\/span><\/p>\n<p><span style=\"font-size: x-large;\">Otol Neurotol. 2018 Mar;39(3):387-388.<\/span><\/p>\n<p><span style=\"font-size: x-large;\">\u00a0<\/span><\/p>\n<p><span style=\"font-size: x-large;\">Differential regulation of NMDA receptor-expressing neurons in the rat hippocampus and striatum following bilateral vestibular loss demonstrated using flow cytometry.<\/span><\/p>\n<p><span style=\"font-size: x-large;\">Benoit A, Besnard S, Guillamin M, Philoxene B, Sola B, Le Gall A, Machado ML, Toulouse J, Hitier M, Smith PF.<\/span><\/p>\n<p><span style=\"font-size: x-large;\">Neurosci Lett. 2018 Jun 21;683:43-47<\/span><\/p>\n<p><span style=\"font-size: x-large;\">\u00a0<\/span><\/p>\n<p><span style=\"font-size: x-large;\">How to perform microscopic\/endoscopic resection of large petrous apex lesions.<\/span><\/p>\n<p><span style=\"font-size: x-large;\">Patron V, Humbert M, Micault E, Emery E, Hitier M.<\/span><\/p>\n<p><span style=\"font-size: x-large;\">Eur Ann Otorhinolaryngol Head Neck Dis. 2018 Jun 19.<\/span><\/p>\n<p><span style=\"font-size: x-large;\">\u00a0<\/span><\/p>\n<p><span style=\"font-size: x-large;\">Extended endonasal approach versus maxillary swing approach to the parapharyngeal space.<\/span><\/p>\n<p><span style=\"font-size: x-large;\">Roger V, Patron V, Moreau S, Kanagalingam J, Babin E, Hitier M.<\/span><\/p>\n<p><span style=\"font-size: x-large;\">Head Neck. 2018 Jun;40(6):1120-1130.<\/span><\/p>\n<p><span style=\"font-size: x-large;\">\u00a0<\/span><\/p>\n<p><span style=\"font-size: x-large;\">The forgotten organ.<\/span><\/p>\n<p><span style=\"font-size: x-large;\">Roussel LM, Escalard C, Hitier M.<\/span><\/p>\n<p><span style=\"font-size: x-large;\">Eur Ann Otorhinolaryngol Head Neck Dis. 2018 Apr;135(2):143-144.<\/span><\/p>\n<p><span style=\"font-size: x-large;\">\u00a0<\/span><\/p>\n<p><span style=\"font-size: x-large;\">Combined microscopic\/endoscopic management of petrous apex lesions.<\/span><\/p>\n<p><span style=\"font-size: x-large;\">Patron V, Hitier M.<\/span><\/p>\n<p><span style=\"font-size: x-large;\">Eur Arch Otorhinolaryngol. 2018 Jan;275(1):319-321<\/span><\/p>\n<p><span style=\"font-size: x-large;\">.<\/span><\/p>\n<p><span style=\"font-size: x-large;\">Skew deviation: A posterior fossa stroke until proven otherwise, illustrated by two clinical cases<\/span><\/p>\n<p><span style=\"font-size: x-large;\">Bailleul H, Laville MA, Dennebouy M, Hitier M, Denion E.<\/span><\/p>\n<p><span style=\"font-size: x-large;\">J Fr Ophtalmol. 2016 Dec;39(10):e271-e274. doi: 10.1016\/j.jfo.2016.02.012. Epub 2016 Nov 10.<\/span><\/p>\n<p><span style=\"font-size: x-large;\">.<\/span><br \/><span style=\"font-size: x-large;\">In reference to endoscopic-assisted transmastoid decompression of petrous apex cholesterol granuloma.<\/span><\/p>\n<p><span style=\"font-size: x-large;\">Patron V, Hitier M.<\/span><\/p>\n<p><span style=\"font-size: x-large;\">Laryngoscope 2017 Jun;127(6):E209-E210. doi: 10.1002\/lary.26376. Epub 2016 Oct 26<\/span><\/p>\n<p><span style=\"font-size: x-large;\">.<\/span><\/p>\n<p><span style=\"font-size: x-large;\">Anatomy and surgical approach of rat\u2019s vestibular sensors and nerves.<\/span><\/p>\n<p><span style=\"font-size: x-large;\">Hitier M, Sato G, Zhang YF, Zheng Y, Besnard S, Smith PF, Curthoys IS.<\/span><\/p>\n<p><span style=\"font-size: x-large;\">J Neurosci Methods. 2016 May 19;270:1-8.<\/span><\/p>\n<p><span style=\"font-size: x-large;\">\u00a0<\/span><\/p>\n<p><span style=\"font-size: x-large;\">What vestibular tests to choose in symptomatic patients after a cochlear implant? A systematic review and meta-analysis.<\/span><\/p>\n<p><span style=\"font-size: x-large;\">Abouzayd M, Smith PF, Moreau S, Hitier M.<\/span><\/p>\n<p><span style=\"font-size: x-large;\">Eur Arch Otorhinolaryngol. 2016 Apr 8.<\/span><\/p>\n<p><span style=\"font-size: x-large;\">\u00a0<\/span><\/p>\n<p><span style=\"font-size: x-large;\">Anatomie du nerf facial.<\/span><\/p>\n<p><span style=\"font-size: x-large;\">Hitier M, Edy E, Salam\u00e9 E, Moreau S.<\/span><\/p>\n<p><span style=\"font-size: x-large;\">Encyclopedie m\u00e9dico-chirurgicale,Oto-Rhino-Laryngologie 20-258-A-10, Elsevier, 2006.<\/span><\/p>\n<p><span style=\"font-size: x-large;\">\u00a0<\/span><\/p>\n<p><span style=\"font-size: x-large;\">State of the art of endoscopic frontal sinus cerebrospinal fluid leak repair.<\/span><\/p>\n<p><span style=\"font-size: x-large;\">Patron V, Roger V, Moreau S, Babin E, Hitier M.<\/span><\/p>\n<p><span style=\"font-size: x-large;\">Eur Ann Otorhinolaryngol Head Neck Dis. 2015 Dec;132(6):347-52.<\/span><\/p>\n<p><span style=\"font-size: x-large;\">\u00a0<\/span><\/p>\n<p><span style=\"font-size: x-large;\">Human rather than ape-like orbital morphology allows much greater lateral visual field expansion with eye abduction.<\/span><\/p>\n<p><span style=\"font-size: x-large;\">Denion E, Hitier M, Levieil E, Mouriaux F.<\/span><\/p>\n<p><span style=\"font-size: x-large;\">Sci Rep. 2015 Jul 20;5:12437.<\/span><\/p>\n<p><span style=\"font-size: x-large;\">\u00a0<\/span><\/p>\n<p><span style=\"font-size: x-large;\">Lateral Semicircular Canal Asymmetry in Idiopathic Scoliosis: An Early Link between Biomechanical, Hormonal and Neurosensory Theories?<\/span><\/p>\n<p><span style=\"font-size: x-large;\">Hitier M, Hamon M, Denise P, Lacoudre J, Thenint MA, Mallet JF, Moreau S, Quarck G.<\/span><\/p>\n<p><span style=\"font-size: x-large;\">PLoS One. 2015 Jul 17;10(7)<\/span><\/p>\n<p><span style=\"font-size: x-large;\">\u00a0<\/span><\/p>\n<p><span style=\"font-size: x-large;\">Unique human orbital morphology compared with that of apes.<\/span><\/p>\n<p><span style=\"font-size: x-large;\">Denion E, Hitier M, Guyader V, Dugu\u00e9 AE, Mouriaux F.<\/span><\/p>\n<p><span style=\"font-size: x-large;\">Sci Rep. 2015 Jun 25;5:11528.<\/span><\/p>\n<p><span style=\"font-size: x-large;\">\u00a0<\/span><\/p>\n<p><span style=\"font-size: x-large;\">The forgotten foramina: a study of the anterior cribriform plate.<\/span><\/p>\n<p><span style=\"font-size: x-large;\">Patron V, Berkaoui J, Jankowski R, Lechapt-Zalcman E, Moreau S, Hitier M.<\/span><\/p>\n<p><span style=\"font-size: x-large;\">Surg Radiol Anat. 2015 <span class=\"tooltipsall tooltipsincontent classtoolTips194\" data-hasqtip=\"9\">SEP<\/span>;37(7):835-40<\/span><\/p>\n<p><span style=\"font-size: x-large;\">\u00a0<\/span><\/p>\n<p><span style=\"font-size: x-large;\">Jugular bulb abnormalities in patientswith M\u00e9ni\u00e8re\u2019s disease using high-resolution computed tomography.<\/span><\/p>\n<p><span style=\"font-size: x-large;\">Hitier M, Sato G, Moreau S, Patron V.<\/span><\/p>\n<p><span style=\"font-size: x-large;\">Eur Arch\u00a0Otorhinolaryngol. 2014 Apr 26.<\/span><\/p>\n<p><span style=\"font-size: x-large;\">\u00a0<\/span><\/p>\n<p><span style=\"font-size: x-large;\">Endovascular treatment of symptomatic vestibular aqueduct dehiscence as a result of jugular bulb abnormalities.<\/span><\/p>\n<p><span style=\"font-size: x-large;\">Th\u00e9nint MA, Barbier C, Hitier M, Patron V, Saleme S, Courth\u00e9oux P.<\/span><\/p>\n<p><span style=\"font-size: x-large;\">J Vasc Interv Radiol. 2014 Nov;25(11):1816-20.<\/span><\/p>\n<p><span style=\"font-size: x-large;\">\u00a0<\/span><\/p>\n<p><span style=\"font-size: x-large;\">High jugular bulb in a cohort of patients with definite M\u00e9ni\u00e8re\u2019s disease.<\/span><\/p>\n<p><span style=\"font-size: x-large;\">Hitier M, Roger V, Moreau S, Patron V.<\/span><\/p>\n<p><span style=\"font-size: x-large;\">J Laryngol Otol. 2014 Dec;128(12):1125.<\/span><\/p>\n<p><span style=\"font-size: x-large;\">\u00a0<\/span><\/p>\n<p><span style=\"font-size: x-large;\">Vestibular pathways involved in cognition.<\/span><\/p>\n<p><span style=\"font-size: x-large;\">Hitier M, Besnard S, Smith PF.<\/span><\/p>\n<p><span style=\"font-size: x-large;\">Front Integr Neurosci. 2014 Jul 23;8:59.<\/span><\/p>\n<p><span style=\"font-size: x-large;\">\u00a0<\/span><\/p>\n<p><span style=\"font-size: x-large;\">Vestibular function and cochlear\u00a0implant.<\/span><\/p>\n<p><span style=\"font-size: x-large;\">Robard L, Hitier M, Lebas C, Moreau S.<\/span><\/p>\n<p><span style=\"font-size: x-large;\">Eur Arch Otorhinolaryngol. 2014 Apr 16.<\/span><\/p>\n<p><span style=\"font-size: x-large;\">\u00a0<\/span><\/p>\n<p><span style=\"font-size: x-large;\">New\u00a0Treatment of Vertigo Caused by Jugular Bulb Abnormalities.<\/span><\/p>\n<p><span style=\"font-size: x-large;\">Hitier M, Barbier C, Marie-Aude T, Moreau S, Courtheoux P, Patron V.<\/span><\/p>\n<p><span style=\"font-size: x-large;\">Surg Innov. 2013 Dec30;21(4):365-371.<\/span><\/p>\n<p><span style=\"font-size: x-large;\">\u00a0<\/span><\/p>\n<p><span style=\"font-size: x-large;\">Patron V, Hitier M, Bedfert C, M\u00e9treau A, Dugu\u00e9 A, Jegoux F.<\/span><\/p>\n<p><span style=\"font-size: x-large;\">Predictive factors for lateral occult lymph node metastasis in papillary thyroid carcinoma.<\/span><\/p>\n<p><span style=\"font-size: x-large;\">Eur Arch Otorhinolaryngol. 2013 Jul;270(7):2095-100.<\/span><\/p>\n<p><span style=\"font-size: x-large;\">\u00a0<\/span><\/p>\n<p><span style=\"font-size: x-large;\">Patron V, Th\u00e9nint MA, Robard L, Boittin F, Babin E, Hitier M.<\/span><\/p>\n<p><span style=\"font-size: x-large;\">A freak of\u00a0nature.<\/span><\/p>\n<p><span style=\"font-size: x-large;\">Eur Ann Otorhinolaryngol Head Neck Dis. 2013 Dec;130(6):355-7.<\/span><\/p>\n<p><span style=\"font-size: x-large;\">\u00a0<\/span><\/p>\n<p><span style=\"font-size: x-large;\">Hitier M, Boutet C, Faure C, Abadie C, Moreau S.<\/span><\/p>\n<p><span style=\"font-size: x-large;\">Radiology quiz case 2.\u00a0Gradenigo syndrome caused by right petrous apicitis.<\/span><\/p>\n<p><span style=\"font-size: x-large;\">Arch Otolaryngol Head Neck\u00a0Surg. 2010 Feb;136(2):201; 203.<\/span><\/p>\n<p><span style=\"font-size: x-large;\">\u00a0<\/span><\/p>\n<p><span style=\"font-size: x-large;\">Hitier M, Zhang M, Labrousse M, Barbier C, Patron V, Moreau S.<\/span><\/p>\n<p><span style=\"font-size: x-large;\">Persistent\u00a0stapedial arteries in human: from phylogeny to surgical consequences.<\/span><\/p>\n<p><span style=\"font-size: x-large;\">Surg Radiol\u00a0Anat. 2013 Dec;35(10):883-91.<\/span><\/p>\n<p><span style=\"font-size: x-large;\">\u00a0<\/span><\/p>\n<p><span style=\"font-size: x-large;\">Patron V, Hitier M, Bedfert C, Le Clech G, J\u00e9goux F.<\/span><\/p>\n<p><span style=\"font-size: x-large;\">Occult lymph node\u00a0metastases increase locoregional recurrence in differentiated thyroid carcinoma.<\/span><\/p>\n<p><span style=\"font-size: x-large;\">Ann Otol Rhinol Laryngol. 2012 May;121(5):283-90.<\/span><\/p>\n<p><span style=\"font-size: x-large;\">\u00a0<\/span><\/p>\n<p><span style=\"font-size: x-large;\">Hitier M, Hibon R, Candelier G, Guarnieri J, Moreau S, Babin E.<\/span><\/p>\n<p><span style=\"font-size: x-large;\">The uses of\u00a0computer-assisted surgical navigation in trans-nasal pituitary gland surgery.<\/span><\/p>\n<p><span style=\"font-size: x-large;\">Rev\u00a0Laryngol Otol Rhinol (Bord). 2009;130(3):151-7.<\/span><\/p>\n<p><span style=\"font-size: x-large;\">\u00a0<\/span><\/p>\n<p><span style=\"font-size: x-large;\">Hitier M, Besnard S, Vignaux G, Denise P, Moreau S.<\/span><\/p>\n<p><span style=\"font-size: x-large;\">The ventrolateral\u00a0surgical approach to labyrinthectomy in rats: anatomical description and clinical\u00a0consequences.<\/span><\/p>\n<p><span style=\"font-size: x-large;\">Surg Radiol Anat. 2010 Nov;32(9):835-42.<\/span><\/p>\n<p><span style=\"font-size: x-large;\">\u00a0<\/span><\/p>\n<p><span style=\"font-size: x-large;\">Plisson L, Patron V, Luna AB, Babin E, Hitier M.<\/span><\/p>\n<p><span style=\"font-size: x-large;\">Laryngeal paraganglioma\u00a0mimicking a laryngeal haemangioma.<\/span><\/p>\n<p><span style=\"font-size: x-large;\">Rev Laryngol Otol Rhinol (Bord).\u00a02013;134(2):109-12.<\/span><\/p>\n<p><span style=\"font-size: x-large;\">\u00a0<\/span><\/p>\n<p><span style=\"font-size: x-large;\">Blanchard D, Hibon R, Hitier M, Galateau-Sall\u00e9 F, Abadie-Koebele C, Babin E.<\/span><\/p>\n<p><span style=\"font-size: x-large;\">[Cranial fasciitis of childhood].<\/span><\/p>\n<p><span style=\"font-size: x-large;\">Rev Laryngol Otol Rhinol (Bord).\u00a02010;131(4-5):289-93.<\/span><\/p>\n<p><span style=\"font-size: x-large;\">\u00a0<\/span><\/p>\n<p><span style=\"font-size: x-large;\">Babin E, Beynier D, Le Gall D, Hitier M.<\/span><\/p>\n<p><span style=\"font-size: x-large;\">Psychosocial quality of life in\u00a0patients after total laryngectomy.<\/span><\/p>\n<p><span style=\"font-size: x-large;\">Rev Laryngol Otol Rhinol (Bord).\u00a02009;130(1):29-34.<\/span><\/p>\n<p><span style=\"font-size: x-large;\">\u00a0<\/span><\/p>\n<p><span style=\"font-size: x-large;\">Robard L, Blanchard D, Babin E, Loaec M, Hitier M.<\/span><\/p>\n<p><span style=\"font-size: x-large;\">[Esophageal foreign body:dental plate].<\/span><\/p>\n<p><span style=\"font-size: x-large;\">Rev Laryngol Otol Rhinol (Bord). 2011;132(4-5):251-4.<\/span><\/p>\n<p><span style=\"font-size: x-large;\">\u00a0<\/span><\/p>\n<p><span style=\"font-size: x-large;\">Babin E, Desmonts C, Hamon M, B\u00e9nateau H, Hitier M.<\/span><\/p>\n<p><span style=\"font-size: x-large;\">PET\/CT for assessing\u00a0mandibular invasion by intraoral squamous cell carcinomas.<\/span><\/p>\n<p><span style=\"font-size: x-large;\">Clin Otolaryngol. 2008\u00a0Feb;33(1):47-51.<\/span><\/p>\n<p><span style=\"font-size: x-large;\">\u00a0<\/span><\/p>\n<p><span style=\"font-size: x-large;\">Loa\u00ebc M, Morini\u00e8re S, Hitier M, Ferrant O, Plauchu H, Babin E.<\/span><\/p>\n<p><span style=\"font-size: x-large;\">Psychosocial\u00a0quality of life in hereditary haemorrhagic telangiectasia patients.<\/span><\/p>\n<p><span style=\"font-size: x-large;\">Rhinology.\u00a02011 Jun;49(2):164-7.<\/span><\/p>\n<p><span style=\"font-size: x-large;\">\u00a0<\/span><\/p>\n<p><span style=\"font-size: x-large;\">Nicolle A, de la Blanchardi\u00e8re A, Bonhomme J, Hamon M, Leclercq R, Hitier M.<\/span><\/p>\n<p><span style=\"font-size: x-large;\">Aspergillus vertebral osteomyelitis in immunocompetent subjects: case report and<\/span><\/p>\n<p><span style=\"font-size: x-large;\">review of the literature.<\/span><\/p>\n<p><span style=\"font-size: x-large;\">Infection. 2013 Aug;41(4):833-40.<\/span><\/p>\n<p><span style=\"font-size: x-large;\">\u00a0<\/span><\/p>\n<p><span style=\"font-size: x-large;\">Babin E, Sigston E, Hitier M, Dehesdin D, Marie JP, Choussy O.<\/span><\/p>\n<p><span style=\"font-size: x-large;\">Quality of\u00a0life in head and neck cancers patients: predictive factors, functional and<\/span><\/p>\n<p><span style=\"font-size: x-large;\">psychosocial outcome.<\/span><\/p>\n<p><span style=\"font-size: x-large;\">Eur Arch Otorhinolaryngol. 2008 Mar;265(3):265-70.<\/span><\/p>\n<p><span style=\"font-size: x-large;\">\u00a0<\/span><\/p>\n<p><span style=\"font-size: x-large;\">Babin E, Blanchard D, Hitier M.<\/span><\/p>\n<p><span style=\"font-size: x-large;\">Management of total laryngectomy patients\u00a0over time: from the consultation announcing the diagnosis to long term follow-up.<\/span><\/p>\n<p><span style=\"font-size: x-large;\">Eur Arch Otorhinolaryngol. 2011 Oct;268(10):1407-19.<\/span><\/p>\n<p><span style=\"font-size: x-large;\">\u00a0<\/span><\/p>\n<p><span style=\"font-size: x-large;\">Vedrine PO, Thariat J, Hitier M, Janot F, Kaminsky MC, Makeieff M, De<\/span><\/p>\n<p><span style=\"font-size: x-large;\">Raucourt D, Lapeyre M, Toussaint B; French Groupe d\u2019Etude des Tumeurs de la T\u00eate<\/span><\/p>\n<p><span style=\"font-size: x-large;\">et du Cou Group.<\/span><\/p>\n<p><span style=\"font-size: x-large;\">Need for neck dissection after radiochemotherapy? A study of the\u00a0French GETTEC Group.<\/span><\/p>\n<p><span style=\"font-size: x-large;\">Laryngoscope. 2008 Oct;118(10):1775-80.<\/span><\/p>\n<p><span style=\"font-size: x-large;\">\u00a0<\/span><\/p>\n<p><span style=\"font-size: x-large;\">Babin E, Edy E, B\u00e9quignon A, Hitier M.<\/span><\/p>\n<p><span style=\"font-size: x-large;\">[Personal and social identity\u00a0transformations that occur over time among patients with total laryngectomy].<\/span><\/p>\n<p><span style=\"font-size: x-large;\">J\u00a0Otolaryngol Head Neck Surg. 2008 Aug;37(4):495-501.<\/span><\/p>\n<p><span style=\"font-size: x-large;\">\u00a0<\/span><\/p>\n<p><span style=\"font-size: x-large;\">Denise P, Besnard S, Vignaux G, Sabatier JP, Edy E, Hitier M, Levasseur R.<\/span><\/p>\n<p><span style=\"font-size: x-large;\">Sympathetic B antagonist prevents bone mineral density decrease induced by<\/span><\/p>\n<p><span style=\"font-size: x-large;\">labyrinthectomy.<\/span><\/p>\n<p><span style=\"font-size: x-large;\">Aviakosm Ekolog Med. 2009 Nov-Dec;43(6):36-8.<\/span><\/p>\n<p><span style=\"font-size: x-large;\">\u00a0<\/span><\/p>\n<p><span style=\"font-size: x-large;\">Vignaux G, Chabbert C, Gaboyard-Niay S, Travo C, Machado ML, Denise P, Comoz<\/span><\/p>\n<p><span style=\"font-size: x-large;\">F, Hitier M, Landemore G, Philox\u00e8ne B, Besnard S.<\/span><\/p>\n<p><span style=\"font-size: x-large;\">Evaluation of the chemical\u00a0model of vestibular lesions induced by arsanilate in rats.<\/span><\/p>\n<p><span style=\"font-size: x-large;\">Toxicol Appl\u00a0Pharmacol. 2012 Jan 1;258(1):61-71.<\/span><\/p>\n<p><span style=\"font-size: x-large;\">\u00a0<\/span><\/p>\n<p><span style=\"font-size: x-large;\">Lamotte G, Danaila TC, Jaillon-Rivi\u00e8re V, Hitier M, Defer GL.<\/span><\/p>\n<p><span style=\"font-size: x-large;\">Paraneoplastic\u00a0opsoclonus myoclonus with autoantibodies to glutamic acid decarboxylase.<\/span><\/p>\n<p><span style=\"font-size: x-large;\">Rev\u00a0Neurol (Paris). 2014 Jan;170(1):50-1.<\/span><\/p>\n<p><span style=\"font-size: x-large;\">\u00a0<\/span><\/p>\n<p><span style=\"font-size: x-large;\">Borha A, Emery E, Khouri S, Hitier M, Derlon JM.<\/span><\/p>\n<p><span style=\"font-size: x-large;\">[Giant extradural epidermoid\u00a0cyst of the posterior fossa].<\/span><\/p>\n<p><span style=\"font-size: x-large;\">Neurochirurgie. 2005 Dec;51(6):599-603.<\/span><\/p>\n<p><span style=\"font-size: x-large;\">\u00a0<\/span><\/p>\n<p><span style=\"font-size: x-large;\">Mayaleh HA, Vayer C, Amsellem C, Bouvet A, Duval N, Poiree B, Tran M,Lepeltier V, Hitier M, Rame JP, Louis Y, De Raucourt D.<\/span><\/p>\n<p><span style=\"font-size: x-large;\">[Interest of\u00a0peri-operative immunonutrition in head and neck cancers].<\/span><\/p>\n<p><span style=\"font-size: x-large;\">Rev Laryngol Otol\u00a0Rhinol (Bord). 2009;130(4-5):235-40.<\/span><\/p>\n<p>[\/et_pb_text][\/et_pb_column][\/et_pb_row][et_pb_row _builder_version=\u00a0\u00bb4.16&Prime; background_size=\u00a0\u00bbinitial\u00a0\u00bb background_position=\u00a0\u00bbtop_left\u00a0\u00bb background_repeat=\u00a0\u00bbrepeat\u00a0\u00bb global_colors_info=\u00a0\u00bb{}\u00a0\u00bb][et_pb_column type=\u00a0\u00bb4_4&Prime; _builder_version=\u00a0\u00bb4.16&Prime; custom_padding=\u00a0\u00bb|||\u00a0\u00bb global_colors_info=\u00a0\u00bb{}\u00a0\u00bb custom_padding__hover=\u00a0\u00bb|||\u00a0\u00bb][et_pb_text _builder_version=\u00a0\u00bb4.16&Prime; background_size=\u00a0\u00bbinitial\u00a0\u00bb background_position=\u00a0\u00bbtop_left\u00a0\u00bb background_repeat=\u00a0\u00bbrepeat\u00a0\u00bb global_colors_info=\u00a0\u00bb{}\u00a0\u00bb][\/et_pb_text][\/et_pb_column][\/et_pb_row][\/et_pb_section][et_pb_section fb_built=\u00a0\u00bb1&Prime; fullwidth=\u00a0\u00bbon\u00a0\u00bb _builder_version=\u00a0\u00bb4.24.2&Prime; _module_preset=\u00a0\u00bbdefault\u00a0\u00bb global_colors_info=\u00a0\u00bb{}\u00a0\u00bb][\/et_pb_section]<\/p>\n","protected":false},"excerpt":{"rendered":"<p>Otologie, Implants Cochl\u00e9aires, Neurinomes Chirurgie du Nerf Facial, Chirurgie de la Base du Cr\u00e2ne&nbsp; FORMATION ET TITRES Chef du Service d\u2019ORL et de Chirurgie Cervico-Faciale du CHU de Caen Professeur des Universit\u00e9s (P.U.) Praticien Hospitalier (P.H.) Docteur en M\u00e9decine (M.D.) Docteur en Science\u00a0 (Ph.D) Habilitation \u00e0 Diriger les Recherches (HDR) D.E.S d\u2019Oto-Rhino-Laryngologie et de Chirurgie [&hellip;]<\/p>\n","protected":false},"author":1,"featured_media":0,"parent":0,"menu_order":0,"comment_status":"closed","ping_status":"closed","template":"","meta":{"_et_pb_use_builder":"on","_et_pb_old_content":"<!-- wp:heading -->\n<h2 class=\"wp-block-heading\">FORMATION ET TITRES<\/h2>\n<!-- \/wp:heading -->\n\n<!-- wp:paragraph -->\n<p>Chef du Service d\u2019ORL et de Chirurgie Cervico-Faciale du CHU de Caen<\/p>\n<!-- \/wp:paragraph -->\n\n<!-- wp:paragraph -->\n<p>Professeur des Universit\u00e9s (P.U.)<\/p>\n<!-- \/wp:paragraph -->\n\n<!-- wp:paragraph -->\n<p>Praticien Hospitalier (P.H.)<\/p>\n<!-- \/wp:paragraph -->\n\n<!-- wp:paragraph -->\n<p>Docteur en M\u00e9decine (M.D.)<\/p>\n<!-- \/wp:paragraph -->\n\n<!-- wp:paragraph -->\n<p>Docteur en Neuroscience&nbsp; (Ph.D)<\/p>\n<!-- \/wp:paragraph -->\n\n<!-- wp:paragraph -->\n<p>Habilitation \u00e0 Diriger les Recherches (HDR)<\/p>\n<!-- \/wp:paragraph -->\n\n<!-- wp:paragraph -->\n<p>D.E.S d\u2019Oto-Rhino-Laryngologie et de Chirurgie Cervico-Faciale<\/p>\n<!-- \/wp:paragraph -->\n\n<!-- wp:paragraph -->\n<p>D.E.S.C. de Chirurgie de la Face et du Cou<\/p>\n<!-- \/wp:paragraph -->\n\n<!-- wp:paragraph -->\n<p>Ancien Chef de Clinique-Assistant des H\u00f4pitaux<\/p>\n<!-- \/wp:paragraph -->\n\n<!-- wp:paragraph -->\n<p>Ancien Interne des H\u00f4pitaux<\/p>\n<!-- \/wp:paragraph -->\n\n<!-- wp:paragraph -->\n<p>D.U. de Microchirurgie<\/p>\n<!-- \/wp:paragraph -->\n\n<!-- wp:paragraph -->\n<p>D.U. d\u2019Audiophonologie et&nbsp; d\u2019Otologie de l\u2019Enfant<\/p>\n<!-- \/wp:paragraph -->\n\n<!-- wp:paragraph -->\n<p>D.U. M\u00e9decine de Montagne<\/p>\n<!-- \/wp:paragraph -->\n\n<!-- wp:paragraph -->\n<p>Capacit\u00e9 de M\u00e9decine Aerospatiale<\/p>\n<!-- \/wp:paragraph -->\n\n<!-- wp:heading -->\n<h2 class=\"wp-block-heading\">SOCIETES SAVANTES<\/h2>\n<!-- \/wp:heading -->\n\n<!-- wp:paragraph -->\n<p>Membre de la Soci\u00e9t\u00e9 Fran\u00e7aise d\u2019ORL de de Chirurgie Cervico-Faciale.<\/p>\n<!-- \/wp:paragraph -->\n\n<!-- wp:paragraph -->\n<p>Membre de la Soci\u00e9t\u00e9 d\u2019ORL et de Chirurgie Cervico-Faciale de Basse-Normandie<\/p>\n<!-- \/wp:paragraph -->\n\n<!-- wp:paragraph -->\n<p>Membre de la Soci\u00e9t\u00e9 Anatomique de Paris<\/p>\n<!-- \/wp:paragraph -->\n\n<!-- wp:paragraph -->\n<p>Membre du Coll\u00e8ge M\u00e9dical Fran\u00e7ais des Professeurs d\u2019Anatomie<\/p>\n<!-- \/wp:paragraph -->\n\n<!-- wp:paragraph -->\n<p>Membre du Brain Health Research Center, University of Otago, Nouvelle-Z\u00e9lande<\/p>\n<!-- \/wp:paragraph -->\n\n<!-- wp:paragraph -->\n<p>Membre de l\u2019Association Fran\u00e7aise d\u2019ORL p\u00e9diatrique<\/p>\n<!-- \/wp:paragraph -->\n\n<!-- wp:paragraph -->\n<p>Membre du Coll\u00e8ge Fran\u00e7ais des enseignants en ORL-Chirurgie Cervicofaciale<\/p>\n<!-- \/wp:paragraph -->\n\n<!-- wp:paragraph -->\n<p>Membre de l\u2019European Skull Base Society<\/p>\n<!-- \/wp:paragraph -->\n\n<!-- wp:paragraph -->\n<p>Membre de la Soci\u00e9t\u00e9 International d'Otoneurologie<\/p>\n<!-- \/wp:paragraph -->\n\n<!-- wp:paragraph -->\n<p>Membre du Groupe De Recherche \"Vertige\" (GDR)<\/p>\n<!-- \/wp:paragraph -->\n\n<!-- wp:heading -->\n<h2 class=\"wp-block-heading\">DISCIPLINES<\/h2>\n<!-- \/wp:heading -->\n\n<!-- wp:paragraph -->\n<p>Oto-Rhino-Laryngologie et Chirurgie Cervico-Faciale<\/p>\n<!-- \/wp:paragraph -->\n\n<!-- wp:paragraph -->\n<p>Otologie et Oto-neurochirurgie<\/p>\n<!-- \/wp:paragraph -->\n\n<!-- wp:paragraph -->\n<p>Chirurgie de la Base du Cr\u00e2ne<\/p>\n<!-- \/wp:paragraph -->\n\n<!-- wp:paragraph -->\n<p>Implantation Cochl\u00e9aire<\/p>\n<!-- \/wp:paragraph -->\n\n<!-- wp:paragraph -->\n<p>Chirurgie ORL p\u00e9diatrique<\/p>\n<!-- \/wp:paragraph -->\n\n<!-- wp:heading -->\n<h2 class=\"wp-block-heading\">RECHERCHE<\/h2>\n<!-- \/wp:heading -->\n\n<!-- wp:paragraph -->\n<p><a href=\"http:\/\/www.comete-u1075.fr\/fr\/cb-profile\/userprofile\/hitier\">Chercheur associ\u00e9 \u00e0 <strong>INSERM U 1075 - <em>COMETE<\/em><\/strong> - \u00abCOgnition, Mobilit\u00e9, Equilibre, TEmporalit\u00e9 \u00bb<\/a><\/p>\n<!-- \/wp:paragraph -->\n\n<!-- wp:paragraph -->\n<p><a href=\"http:\/\/www.otago.ac.nz\/phal\/research\/otago038607.html\">Chercheur associ\u00e9 au <strong>Vestibular and Hearing Group<\/strong>, University of Otago, Nouvelle Z\u00e9lande<\/a><\/p>\n<!-- \/wp:paragraph -->\n\n<!-- wp:paragraph -->\n<p><a href=\"https:\/\/gdrvertige.com\/\" target=\"_blank\" rel=\"noreferrer noopener\">Membre du GDR Vertige<\/a><\/p>\n<!-- \/wp:paragraph -->\n\n<!-- wp:heading -->\n<h2 class=\"wp-block-heading\">ENSEIGNEMENT<\/h2>\n<!-- \/wp:heading -->\n\n<!-- wp:paragraph -->\n<p>Enseignant en Anatomie, Universit\u00e9 de Caen Normandie<\/p>\n<!-- \/wp:paragraph -->\n\n<!-- wp:paragraph -->\n<p>Enseignant Ecole de Chirurgie, Universit\u00e9 de Caen Normandie<\/p>\n<!-- \/wp:paragraph -->\n\n<!-- wp:paragraph -->\n<p>Enseignant Master Neuroscience, Universit\u00e9 de Caen Normandie<\/p>\n<!-- \/wp:paragraph -->\n\n<!-- wp:paragraph -->\n<p>Enseignant Medical School University of Otago, Nouvelle Z\u00e9lande<\/p>\n<!-- \/wp:paragraph -->\n\n<!-- wp:paragraph -->\n<p>Enseignant Master Activit\u00e9s Physiques Appliqu\u00e9es \u00e0 la Sant\u00e9, Universit\u00e9 de Caen Normandie<\/p>\n<!-- \/wp:paragraph -->\n\n<!-- wp:paragraph -->\n<p>Enseignement Dipl\u00f4me Inter-Universitaire Chirurgie ORL Cervico-faciale et base du cr\u00e2ne<\/p>\n<!-- \/wp:paragraph -->\n\n<!-- wp:heading -->\n<h2 class=\"wp-block-heading\">ACTIVITES COMPLEMENTAIRES<\/h2>\n<!-- \/wp:heading -->\n\n<!-- wp:paragraph -->\n<p>Reviewer pour Surgical and Radiologic Anatomy<\/p>\n<!-- \/wp:paragraph -->\n\n<!-- wp:paragraph -->\n<p>Reviewer pour Frontier in Neuroscience<\/p>\n<!-- \/wp:paragraph -->\n\n<!-- wp:paragraph -->\n<p>Reviewer pour Journal of Neuroscience<\/p>\n<!-- \/wp:paragraph -->\n\n<!-- wp:paragraph -->\n<p>Reviewer pour European Annals of Otorhinolaryngol Head Neck<\/p>\n<!-- \/wp:paragraph -->\n\n<!-- wp:heading -->\n<h2 class=\"wp-block-heading\">HORAIRES DE CONSULTATION<\/h2>\n<!-- \/wp:heading -->\n\n<!-- wp:paragraph -->\n<p>Mercredi de 9h \u00e0 12h30 et de 14h \u00e0 16h30<\/p>\n<!-- \/wp:paragraph -->\n\n<!-- wp:paragraph -->\n<p>Vendredi de 9h \u00e0 12h30<\/p>\n<!-- \/wp:paragraph -->\n\n<!-- wp:paragraph -->\n<p><a href=\"http:\/\/orl-chu-caen.fr\/?page_id=4023&amp;preview_id=4023&amp;preview_nonce=0559804b13&amp;_thumbnail_id=4022&amp;preview=true\">Consultation pluridisciplinaire \"Paralysie Faciale<\/a>\"&nbsp; le mercredi matin<\/p>\n<!-- \/wp:paragraph -->\n\n<!-- wp:paragraph -->\n<p>Consultation pluridisciplinaire \"Vertiges\"<\/p>\n<!-- \/wp:paragraph -->\n\n<!-- wp:heading -->\n<h2 class=\"wp-block-heading\">COORDONNEES<\/h2>\n<!-- \/wp:heading -->\n\n<!-- wp:paragraph -->\n<p>RPPS: 10005160196<\/p>\n<!-- \/wp:paragraph -->\n\n<!-- wp:paragraph -->\n<p>Secr\u00e9tariat Service ORL CHU de CAEN : 02.31.06.46.40<\/p>\n<!-- \/wp:paragraph -->\n\n<!-- wp:paragraph -->\n<p>Secr\u00e9tariat Service d\u2019Anatomie&nbsp;: 02.31.06.82.09 ou <a href=\"mailto:medecine.anatomie@unicaen.fr\">medecine.anatomie@unicaen.fr<\/a><\/p>\n<!-- \/wp:paragraph -->\n\n<!-- wp:paragraph -->\n<p>Mail&nbsp;: <a href=\"mailto:hitier-m@chu-caen.fr\">hitier-m@chu-caen.fr<\/a><\/p>\n<!-- \/wp:paragraph -->\n\n<!-- wp:heading -->\n<h2 class=\"wp-block-heading\">CHAPITRE DE LIVRE<\/h2>\n<!-- \/wp:heading -->\n\n<!-- wp:paragraph -->\n<p>Carcinomes \u00e0 petites cellules des cavit\u00e9s nasales et paranasales. Babin E, <strong>Hitier M<\/strong>, Vedrine PO, Planes C, Toussaint B, Simon C, Rame JP, de Raucourt D, Dehesdin D, Pignat JC, Cosmidis A, Makaeieff <em>Actualit\u00e9s de carcinologie cervico-faciale. Cancers des voies a\u00e9ro-digestives superieurs&nbsp;: les tumeurs du massif faciale et des cavit\u00e9s naso-sinusiennes, <\/em>EDK, Paris, 2004.<\/p>\n<!-- \/wp:paragraph -->\n\n<!-- wp:paragraph -->\n<p>Carcinome \u00e9pidermo\u00efde de la t\u00eate et du cou&nbsp;: n\u00e9cessit\u00e9 d\u2019un curage ganglionnaire apr\u00e8s radio-chimioth\u00e9rapie concomitante&nbsp;? Vedrine PO, Toussaint B, <strong>Hitier M<\/strong>, de Raucourt D, Makaieff M, Janot F, Lapeyre M. <em>Actualit\u00e9s de carcinologie cervico-faciale&nbsp;:<\/em> <em>Radiochimioth\u00e9rapie des cancers des voies a\u00e9ro-digestives sup\u00e9rieures<\/em>, EDK, Paris, 2005.<\/p>\n<!-- \/wp:paragraph -->\n\n<!-- wp:paragraph -->\n<p>Anatomie du nerf facial. <strong>Hitier M<\/strong>, Edy E, Salam\u00e9 E, Moreau S. <em>Encyclop\u00e9die m\u00e9dico-chirurgicale, Oto-Rhino-Laryngologie, <\/em>20-258-A-10, Elsevier, 2006.<\/p>\n<!-- \/wp:paragraph -->\n\n<!-- wp:paragraph -->\n<p>Notre exp\u00e9rience des ad\u00e9nopathies sans portes d\u2019entr\u00e9e. <strong>Hitier M<\/strong>, Loum B, Rame JP, de Raucourt&nbsp;D.<em> Actualit\u00e9s de carcinologie cervico-faciale&nbsp;: les ad\u00e9nopathies m\u00e9tastatiques pr\u00e9dominantes, <\/em>EDK, Paris, 2008.<\/p>\n<!-- \/wp:paragraph -->\n\n<!-- wp:paragraph -->\n<p>Cancer de l\u2019\u0153sophage cervical. Boittin F, <strong>Hitier M<\/strong>, Lebreton G, Babin E. <em>Encyclop\u00e9die m\u00e9dico-chirurgicale, Oto-Rhino-Laryngologie, <\/em>20-816-B-10, Elsevier, 2012.<\/p>\n<!-- \/wp:paragraph -->\n\n<!-- wp:paragraph -->\n<p>Trach\u00e9e&nbsp;: anatomie, physiologie, imagerie et endoscopie. <strong>Hitier M<\/strong>, Loaec M, Edy E, Moreau S. <em>Encyclop\u00e9die m\u00e9dico-chirurgicale, Oto-Rhino-Laryngologie, <\/em>20-754-A-10, Elsevier, 2013.<\/p>\n<!-- \/wp:paragraph -->\n\n<!-- wp:paragraph -->\n<p>Endoscopic repair of frontal sinus CSF leaks &amp; encephaloceles. Patron V, <strong>Hitier M<\/strong>. <em>Atlas<\/em> <em>of Surgery on the Nose, Paranasal Sinuses, and Skull Base. <\/em>Editors: Paolo Castelnuovo &amp; Samuel Becker, 2013.<\/p>\n<!-- \/wp:paragraph -->\n\n<!-- wp:paragraph -->\n<p>Laryngite chronique. Plisson L, <strong>Hitier M<\/strong>, Babin E. <em>Encyclop\u00e9die m\u00e9dico-chirurgicale, Oto-Rhino-Laryngologie,<\/em> 20-645-C-10, Elsevier, 2013.<\/p>\n<!-- \/wp:paragraph -->\n\n<!-- wp:paragraph -->\n<p>Prise en charge \u00e9pistaxis de l\u2019enfant. Patron V, <strong>Hitier M<\/strong>. <em>ORL de l\u2019enfant, <\/em>(Fayoux P, Couloigner V. \u00e9d.), Elsevier Masson \u00e9d., 2016.<\/p>\n<!-- \/wp:paragraph -->\n\n<!-- wp:paragraph -->\n<p>Cancer de l\u2019\u0153sophage cervical. Vella O, <strong>Hitier M<\/strong>, Babin E. <em>Encyclop\u00e9die m\u00e9dico-chirurgicale, Oto-Rhino-Laryngologie, <\/em>20-816-B-10, Elsevier, 2018.<\/p>\n<!-- \/wp:paragraph -->\n\n<!-- wp:paragraph -->\n<p>Prise en charge des l\u00e9sion de l\u2019apex p\u00e9treux. <strong>Hitier M<\/strong>, Patron V. <em>Le monde de l\u2019otologie<\/em>, Amplifon, 2021.<\/p>\n<!-- \/wp:paragraph -->\n\n<!-- wp:paragraph -->\n<p>L\u2019ORL dans l\u2019Espace. <strong>Hitier M<\/strong>. <em>Le monde de l\u2019otologie<\/em>, Amplifon, 2021.<\/p>\n<!-- \/wp:paragraph -->\n\n<!-- wp:heading -->\n<h2 class=\"wp-block-heading\">LIVRE<\/h2>\n<!-- \/wp:heading -->\n\n<!-- wp:paragraph -->\n<p><a href=\"http:\/\/orl-chu-caen.fr\/?page_id=3499\">Chirurgie Endoscopique Endonasale<\/a>, Collection Techniques Chirurgicales, Elsevier-Masson, 2021 avec <strong>V. Patron<\/strong>; <a href=\"http:\/\/orl-chu-caen.fr\/?staff=dr-martin-hitier\">M. Hitier<\/a>,<a href=\"http:\/\/orl-chu-caen.fr\/?staff=dr-jerome-bois\"> J. Bois<\/a>, <a href=\"http:\/\/orl-chu-caen.fr\/?staff=dr-maxime-humbert\">M. Humbert<\/a>, <a href=\"http:\/\/orl-chu-caen.fr\/?staff=dr-emmanuel-micault\">E. Micault<\/a>,<\/p>\n<!-- \/wp:paragraph -->\n\n<!-- wp:heading -->\n<h2 class=\"wp-block-heading\">RECHERCHE SCIENTIFIQUE PUBLI\u00c9E<\/h2>\n<!-- \/wp:heading -->\n\n<!-- wp:paragraph -->\n<p><a href=\"https:\/\/pubmed.ncbi.nlm.nih.gov\/35226126\/\">The advantages of modified Thiel technique in head and neck surgical anatomy teaching.<\/a><\/p>\n<!-- \/wp:paragraph -->\n\n<!-- wp:paragraph -->\n<p>Humbert M, Micault E, Moreau S, Patron V, Bois J, <strong>Hitier M.<\/strong><\/p>\n<!-- \/wp:paragraph -->\n\n<!-- wp:paragraph -->\n<p>Surg Radiol Anat. 2022 Mar;44(3):345-352. doi: 10.1007\/s00276-022-02895<\/p>\n<!-- \/wp:paragraph -->\n\n<!-- wp:paragraph -->\n<p><a href=\"https:\/\/pubmed.ncbi.nlm.nih.gov\/35771279\/\">Radiological relationship of the ethmoid slit with the frontal sinus and the anterior ethmoidal artery and applications to the frontal sinus drillout.<\/a><\/p>\n<!-- \/wp:paragraph -->\n\n<!-- wp:paragraph -->\n<p>Begaud L, Patron V, Escalard C, <strong>Hitier M<\/strong>, Hamon M, Humbert M.<\/p>\n<!-- \/wp:paragraph -->\n\n<!-- wp:paragraph -->\n<p>Eur Arch Otorhinolaryngol. 2022 Jun 30. doi: 10.1007\/s00405-022-07527<\/p>\n<!-- \/wp:paragraph -->\n\n<!-- wp:paragraph -->\n<p><a href=\"https:\/\/pubmed.ncbi.nlm.nih.gov\/34645552\/\">Motion Sickness Lessons from the Southern Ocean.<\/a><\/p>\n<!-- \/wp:paragraph -->\n\n<!-- wp:paragraph -->\n<p>Besnard S, Bois J, <strong>Hitier M<\/strong>, Vogt J, Laforet P, Golding JF.<\/p>\n<!-- \/wp:paragraph -->\n\n<!-- wp:paragraph -->\n<p>Aerosp Med Hum Perform. 2021 Sep 1;92(9):720-727.<\/p>\n<!-- \/wp:paragraph -->\n\n<!-- wp:paragraph -->\n<p><a href=\"https:\/\/pubmed.ncbi.nlm.nih.gov\/34054584\/\">Impaired Attentional Processing During Parabolic Flight.<\/a><\/p>\n<!-- \/wp:paragraph -->\n\n<!-- wp:paragraph -->\n<p>Friedl-Werner A, Machado ML, Balestra C, Liegard Y, Philoxene B, Brauns K, Stahn AC, <strong>Hitier M<\/strong>, Besnard S.<\/p>\n<!-- \/wp:paragraph -->\n\n<!-- wp:paragraph -->\n<p>Front Physiol. 2021 May 13;12:675426. doi: 10.3389\/fphys.2021.675426. eCollection 2021<\/p>\n<!-- \/wp:paragraph -->\n\n<!-- wp:paragraph -->\n<p><a href=\"https:\/\/pubmed.ncbi.nlm.nih.gov\/33465547\/\">Stratification of hippocampal electrophysiological activation evoked by selective electrical stimulation of different angular and linear acceleration sensors in the rat peripheral vestibular system.<\/a><\/p>\n<!-- \/wp:paragraph -->\n\n<!-- wp:paragraph -->\n<p><strong>Hitier M<\/strong>, Zhang YF, Sato G, Besnard S, Zheng Y, Smith PF.<\/p>\n<!-- \/wp:paragraph -->\n\n<!-- wp:paragraph -->\n<p>Hear Res. 2021 Apr;403:108173. doi: 10.1016\/j.heares.2021.108173.<\/p>\n<!-- \/wp:paragraph -->\n\n<!-- wp:paragraph -->\n<p><a href=\"https:\/\/pubmed.ncbi.nlm.nih.gov\/33097466\/\">How to identify the anterior cribriform plate in the medial approach to the frontal sinus.<\/a><\/p>\n<!-- \/wp:paragraph -->\n\n<!-- wp:paragraph -->\n<p>Patron V, Roussel LM, Moreau S, <strong>Hitier M.<\/strong><\/p>\n<!-- \/wp:paragraph -->\n\n<!-- wp:paragraph -->\n<p>Eur Ann Otorhinolaryngol Head Neck Dis. 2021 May;138(3):201-204<\/p>\n<!-- \/wp:paragraph -->\n\n<!-- wp:paragraph -->\n<p><a href=\"https:\/\/pubmed.ncbi.nlm.nih.gov\/32702613\/\">The effects of selective electrical stimulation of the rat cochlea on hippocampal field potentials.<\/a><\/p>\n<!-- \/wp:paragraph -->\n\n<!-- wp:paragraph -->\n<p><strong>Hitier M<\/strong>, Zhang YF, Sato G, Besnard S, Zheng Y, Smith PF.<\/p>\n<!-- \/wp:paragraph -->\n\n<!-- wp:paragraph -->\n<p>Hear Res. 2020 Sep 15;395:108023. doi: 10.1016\/j.heares.2020.108023.<\/p>\n<!-- \/wp:paragraph -->\n\n<!-- wp:paragraph -->\n<p><a href=\"https:\/\/pubmed.ncbi.nlm.nih.gov\/32646747\/\">An anomalous form of dyspnoea.<\/a><\/p>\n<!-- \/wp:paragraph -->\n\n<!-- wp:paragraph -->\n<p>Mouna B, <strong>Hitier M<\/strong>, Babin E, Dugas A.<\/p>\n<!-- \/wp:paragraph -->\n\n<!-- wp:paragraph -->\n<p>Eur Ann Otorhinolaryngol Head Neck Dis. 2020 Dec;137(6):515-516. doi: 10.1016\/j.anorl.2020.06.005.<\/p>\n<!-- \/wp:paragraph -->\n\n<!-- wp:paragraph -->\n<p><a href=\"https:\/\/www.ncbi.nlm.nih.gov\/pubmed\/31721464\">New landmarks in endonasal surgery: from nasal bone to anterior cribriform plate including branches of anterior ethmoidal artery and nerve and terminal nerve.<\/a><\/p>\n<!-- \/wp:paragraph -->\n\n<!-- wp:paragraph -->\n<p>Roussel LM, Patron V, Maubert E, Escalard C, Goux D, Beaudouin V, Lechapt E, Moreau S, <strong>Hitier<\/strong> <strong>M.<\/strong><\/p>\n<!-- \/wp:paragraph -->\n\n<!-- wp:paragraph -->\n<p>Int Forum Allergy Rhinol. 2019 Nov 13. doi: 10.1002\/alr.22480.<\/p>\n<!-- \/wp:paragraph -->\n\n<!-- wp:paragraph -->\n<p><a href=\"https:\/\/www.ncbi.nlm.nih.gov\/pubmed\/30981670\">How to perform subperichondrial and subperiosteal rhinoplasty.<\/a><\/p>\n<!-- \/wp:paragraph -->\n\n<!-- wp:paragraph -->\n<p>Patron V, <strong>Hitier M<\/strong>, Gamby R, Finocchi V, \u00c7akir B.<\/p>\n<!-- \/wp:paragraph -->\n\n<!-- wp:paragraph -->\n<p>Eur Ann Otorhinolaryngol Head Neck Dis. 2019 Sep;136(4):325-329<\/p>\n<!-- \/wp:paragraph -->\n\n<!-- wp:paragraph -->\n<p><a href=\"https:\/\/www.ncbi.nlm.nih.gov\/pubmed\/30900004\">New detailed description of the anterior part of the cribriform plate using anatomic specimens and computed tomography.<\/a><\/p>\n<!-- \/wp:paragraph -->\n\n<!-- wp:paragraph -->\n<p>Escalard C, Roussel LM, Hamon M, Kazemi A, Patron V, <strong>Hitier M<\/strong>.<\/p>\n<!-- \/wp:paragraph -->\n\n<!-- wp:paragraph -->\n<p>Surg Radiol Anat. 2019 Jul;41(7):801-808<\/p>\n<!-- \/wp:paragraph -->\n\n<!-- wp:paragraph -->\n<p><a href=\"https:\/\/www.ncbi.nlm.nih.gov\/pubmed\/30293919\">The balance of sleep: Role of the vestibular sensory system.<\/a><\/p>\n<!-- \/wp:paragraph -->\n\n<!-- wp:paragraph -->\n<p>Besnard S, Tighilet B, Chabbert C, <strong>Hitier M<\/strong>, Toulouse J, Le Gall A, Machado ML, Smith PF.<\/p>\n<!-- \/wp:paragraph -->\n\n<!-- wp:paragraph -->\n<p>Sleep Med Rev. 2018 Dec;42:220-228<\/p>\n<!-- \/wp:paragraph -->\n\n<!-- wp:paragraph -->\n<p><a href=\"https:\/\/www.ncbi.nlm.nih.gov\/pubmed\/30206680\">Vestibular-related eye movements in the rat following selective electrical stimulation of the vestibular sensors.<\/a><\/p>\n<!-- \/wp:paragraph -->\n\n<!-- wp:paragraph -->\n<p><strong>Hitier M<\/strong>, Sato G, Zhang YF, Zheng Y, Besnard S, Smith PF.<\/p>\n<!-- \/wp:paragraph -->\n\n<!-- wp:paragraph -->\n<p>J Comp Physiol A Neuroethol Sens Neural Behav Physiol. 2018 Oct;204(9-10):835-847.&nbsp;<\/p>\n<!-- \/wp:paragraph -->\n\n<!-- wp:paragraph -->\n<p><a href=\"https:\/\/www.ncbi.nlm.nih.gov\/pubmed\/29694841\">Effects of electrical stimulation of the rat vestibular labyrinth on c-Fos expression in the hippocampus.<\/a><\/p>\n<!-- \/wp:paragraph -->\n\n<!-- wp:paragraph -->\n<p><strong>Hitier M<\/strong>, Sato G, Zhang YF, Besnard S, Smith PF.<\/p>\n<!-- \/wp:paragraph -->\n\n<!-- wp:paragraph -->\n<p>Neurosci Lett. 2018 Jun 11.<\/p>\n<!-- \/wp:paragraph -->\n\n<!-- wp:paragraph -->\n<p><a href=\"https:\/\/www.ncbi.nlm.nih.gov\/pubmed\/29424821\">Breaking the Myth of Central Neurological Complications in Stapedial Artery Surgery.<\/a><\/p>\n<!-- \/wp:paragraph -->\n\n<!-- wp:paragraph -->\n<p><strong>Hitier M<\/strong>, Moreau S, Labrousse M, Patron V.<\/p>\n<!-- \/wp:paragraph -->\n\n<!-- wp:paragraph -->\n<p>Otol Neurotol. 2018 Mar;39(3):387-388.<\/p>\n<!-- \/wp:paragraph -->\n\n<!-- wp:paragraph -->\n<p><a href=\"https:\/\/www.ncbi.nlm.nih.gov\/pubmed\/29936267\">Differential regulation of NMDA receptor-expressing neurons in the rat hippocampus and striatum following bilateral vestibular loss demonstrated using flow cytometry.<\/a><\/p>\n<!-- \/wp:paragraph -->\n\n<!-- wp:paragraph -->\n<p>Benoit A, Besnard S, Guillamin M, Philoxene B, Sola B, Le Gall A, Machado ML, Toulouse J, <strong>Hitier M<\/strong>, Smith PF.<\/p>\n<!-- \/wp:paragraph -->\n\n<!-- wp:paragraph -->\n<p>Neurosci Lett. 2018 Jun 21;683:43-47<\/p>\n<!-- \/wp:paragraph -->\n\n<!-- wp:paragraph -->\n<p><a href=\"https:\/\/www.ncbi.nlm.nih.gov\/pubmed\/29934262\">How to perform microscopic\/endoscopic resection of large petrous apex lesions.<\/a><\/p>\n<!-- \/wp:paragraph -->\n\n<!-- wp:paragraph -->\n<p>Patron V, Humbert M, Micault E, Emery E, <strong>Hitier M<\/strong>.<\/p>\n<!-- \/wp:paragraph -->\n\n<!-- wp:paragraph -->\n<p>Eur Ann Otorhinolaryngol Head Neck Dis. 2018 Jun 19.<\/p>\n<!-- \/wp:paragraph -->\n\n<!-- wp:paragraph -->\n<p><a href=\"https:\/\/www.ncbi.nlm.nih.gov\/pubmed\/29385316\">Extended endonasal approach versus maxillary swing approach to the parapharyngeal space.<\/a><\/p>\n<!-- \/wp:paragraph -->\n\n<!-- wp:paragraph -->\n<p>Roger V, Patron V, Moreau S, Kanagalingam J, Babin E, <strong>Hitier M<\/strong>.<\/p>\n<!-- \/wp:paragraph -->\n\n<!-- wp:paragraph -->\n<p>Head Neck. 2018 Jun;40(6):1120-1130.<\/p>\n<!-- \/wp:paragraph -->\n\n<!-- wp:paragraph -->\n<p><a href=\"https:\/\/www.ncbi.nlm.nih.gov\/pubmed\/29248349\">The forgotten organ.<\/a><\/p>\n<!-- \/wp:paragraph -->\n\n<!-- wp:paragraph -->\n<p>Roussel LM, Escalard C, <strong>Hitier M<\/strong>.<\/p>\n<!-- \/wp:paragraph -->\n\n<!-- wp:paragraph -->\n<p>Eur Ann Otorhinolaryngol Head Neck Dis. 2018 Apr;135(2):143-144.<\/p>\n<!-- \/wp:paragraph -->\n\n<!-- wp:paragraph -->\n<p>Combined microscopic\/endoscopic management of petrous apex lesions.<\/p>\n<!-- \/wp:paragraph -->\n\n<!-- wp:paragraph -->\n<p>Patron V, <strong>Hitier M<\/strong>.<\/p>\n<!-- \/wp:paragraph -->\n\n<!-- wp:paragraph -->\n<p>Eur Arch Otorhinolaryngol. 2018 Jan;275(1):319-321<\/p>\n<!-- \/wp:paragraph -->\n\n<!-- wp:paragraph -->\n<p>.<\/p>\n<!-- \/wp:paragraph -->\n\n<!-- wp:paragraph -->\n<p>Skew deviation: A posterior fossa stroke until proven otherwise, illustrated by two clinical cases<\/p>\n<!-- \/wp:paragraph -->\n\n<!-- wp:paragraph -->\n<p>Bailleul H, Laville MA, Dennebouy M, <strong>Hitier M<\/strong>, Denion E.<\/p>\n<!-- \/wp:paragraph -->\n\n<!-- wp:paragraph -->\n<p>J Fr Ophtalmol. 2016 Dec;39(10):e271-e274. doi: 10.1016\/j.jfo.2016.02.012. Epub 2016 Nov 10.<\/p>\n<!-- \/wp:paragraph -->\n\n<!-- wp:paragraph -->\n<p>.<\/p>\n<!-- \/wp:paragraph -->\n\n<!-- wp:paragraph -->\n<p>In reference to endoscopic-assisted transmastoid decompression of petrous apex cholesterol granuloma.<\/p>\n<!-- \/wp:paragraph -->\n\n<!-- wp:paragraph -->\n<p>Patron V, <strong>Hitier M<\/strong>.<\/p>\n<!-- \/wp:paragraph -->\n\n<!-- wp:paragraph -->\n<p><em>Laryngoscope 2017 Jun;127(6):E209-E210. doi: 10.1002\/lary.26376. Epub 2016 Oct 26<\/em><\/p>\n<!-- \/wp:paragraph -->\n\n<!-- wp:paragraph -->\n<p>.<\/p>\n<!-- \/wp:paragraph -->\n\n<!-- wp:paragraph -->\n<p>Anatomy and surgical approach of rat's vestibular sensors and nerves.<\/p>\n<!-- \/wp:paragraph -->\n\n<!-- wp:paragraph -->\n<p><strong>Hitier M<\/strong>, Sato G, Zhang YF, Zheng Y, Besnard S, Smith PF, Curthoys IS.<\/p>\n<!-- \/wp:paragraph -->\n\n<!-- wp:paragraph -->\n<p><em>J Neurosci Methods. 2016 May 19;270:1-8.<\/em><\/p>\n<!-- \/wp:paragraph -->\n\n<!-- wp:paragraph -->\n<p>What vestibular tests to choose in symptomatic patients after a cochlear implant? A systematic review and meta-analysis.<\/p>\n<!-- \/wp:paragraph -->\n\n<!-- wp:paragraph -->\n<p>Abouzayd M, Smith PF, Moreau S, <strong>Hitier M<\/strong>.<\/p>\n<!-- \/wp:paragraph -->\n\n<!-- wp:paragraph -->\n<p><em>Eur Arch Otorhinolaryngol. 2016 Apr 8.<\/em><\/p>\n<!-- \/wp:paragraph -->\n\n<!-- wp:paragraph -->\n<p>Anatomie du nerf facial.<\/p>\n<!-- \/wp:paragraph -->\n\n<!-- wp:paragraph -->\n<p><strong>Hitier M<\/strong>, Edy E, Salam\u00e9 E, Moreau S.<\/p>\n<!-- \/wp:paragraph -->\n\n<!-- wp:paragraph -->\n<p><em>Encyclopedie m\u00e9dico-chirurgicale,Oto-Rhino-Laryngologie 20-258-A-10, Elsevier, 2006.<\/em><\/p>\n<!-- \/wp:paragraph -->\n\n<!-- wp:paragraph -->\n<p>State of the art of endoscopic frontal sinus cerebrospinal fluid leak repair.&nbsp;<\/p>\n<!-- \/wp:paragraph -->\n\n<!-- wp:paragraph -->\n<p>Patron V, Roger V, Moreau S, Babin E,<strong> Hitier M<\/strong>.<\/p>\n<!-- \/wp:paragraph -->\n\n<!-- wp:paragraph -->\n<p><em>Eur Ann Otorhinolaryngol Head Neck Dis. 2015 Dec;132(6):347-52.<\/em><\/p>\n<!-- \/wp:paragraph -->\n\n<!-- wp:paragraph -->\n<p>Human rather than ape-like orbital morphology allows much greater lateral visual field expansion with eye abduction.<\/p>\n<!-- \/wp:paragraph -->\n\n<!-- wp:paragraph -->\n<p>Denion E, <strong>Hitier M<\/strong>, Levieil E, Mouriaux F.<\/p>\n<!-- \/wp:paragraph -->\n\n<!-- wp:paragraph -->\n<p><em>Sci Rep. 2015 Jul 20;5:12437.<\/em><\/p>\n<!-- \/wp:paragraph -->\n\n<!-- wp:paragraph -->\n<p>Lateral Semicircular Canal Asymmetry in Idiopathic Scoliosis: An Early Link between Biomechanical, Hormonal and Neurosensory Theories?<\/p>\n<!-- \/wp:paragraph -->\n\n<!-- wp:paragraph -->\n<p><strong>Hitier M<\/strong>, Hamon M, Denise P, Lacoudre J, Thenint MA, Mallet JF, Moreau S, Quarck G.<\/p>\n<!-- \/wp:paragraph -->\n\n<!-- wp:paragraph -->\n<p><em>PLoS One. 2015 Jul 17;10(7)<\/em><\/p>\n<!-- \/wp:paragraph -->\n\n<!-- wp:paragraph -->\n<p>Unique human orbital morphology compared with that of apes.&nbsp;<\/p>\n<!-- \/wp:paragraph -->\n\n<!-- wp:paragraph -->\n<p>Denion E, <strong>Hitier M<\/strong>, Guyader V, Dugu\u00e9 AE, Mouriaux F.<\/p>\n<!-- \/wp:paragraph -->\n\n<!-- wp:paragraph -->\n<p><em>Sci Rep. 2015 Jun 25;5:11528.<\/em><\/p>\n<!-- \/wp:paragraph -->\n\n<!-- wp:paragraph -->\n<p>The forgotten foramina: a study of the anterior cribriform plate.&nbsp;<\/p>\n<!-- \/wp:paragraph -->\n\n<!-- wp:paragraph -->\n<p>Patron V, Berkaoui J, Jankowski R, Lechapt-Zalcman E, Moreau S, <strong>Hitier M.<\/strong><\/p>\n<!-- \/wp:paragraph -->\n\n<!-- wp:paragraph -->\n<p><em>Surg Radiol Anat. 2015 Sep;37(7):835-40<\/em><\/p>\n<!-- \/wp:paragraph -->\n\n<!-- wp:paragraph -->\n<p>Jugular bulb abnormalities in patientswith M\u00e9ni\u00e8re's disease using high-resolution computed tomography.<\/p>\n<!-- \/wp:paragraph -->\n\n<!-- wp:paragraph -->\n<p><strong>Hitier M<\/strong>, Sato G, Moreau S, Patron V.<\/p>\n<!-- \/wp:paragraph -->\n\n<!-- wp:paragraph -->\n<p><em>Eur Arch&nbsp;Otorhinolaryngol. 2014 Apr 26.&nbsp;<\/em><\/p>\n<!-- \/wp:paragraph -->\n\n<!-- wp:paragraph -->\n<p>Endovascular treatment of symptomatic vestibular aqueduct dehiscence as a result of jugular bulb abnormalities.&nbsp;<\/p>\n<!-- \/wp:paragraph -->\n\n<!-- wp:paragraph -->\n<p>Th\u00e9nint MA, Barbier C, <strong>Hitier M<\/strong>, Patron V, Saleme S, Courth\u00e9oux P.<\/p>\n<!-- \/wp:paragraph -->\n\n<!-- wp:paragraph -->\n<p><em>J Vasc Interv Radiol. 2014 Nov;25(11):1816-20.&nbsp;<\/em><\/p>\n<!-- \/wp:paragraph -->\n\n<!-- wp:paragraph -->\n<p>High jugular bulb in a cohort of patients with definite M\u00e9ni\u00e8re's disease.&nbsp;<\/p>\n<!-- \/wp:paragraph -->\n\n<!-- wp:paragraph -->\n<p><strong>Hitier M<\/strong>, Roger V, Moreau S, Patron V.<\/p>\n<!-- \/wp:paragraph -->\n\n<!-- wp:paragraph -->\n<p><em>J Laryngol Otol. 2014 Dec;128(12):1125.<\/em><\/p>\n<!-- \/wp:paragraph -->\n\n<!-- wp:paragraph -->\n<p>Vestibular pathways involved in cognition.&nbsp;<\/p>\n<!-- \/wp:paragraph -->\n\n<!-- wp:paragraph -->\n<p><strong>Hitier M<\/strong>, Besnard S, Smith PF.<\/p>\n<!-- \/wp:paragraph -->\n\n<!-- wp:paragraph -->\n<p><em>Front Integr Neurosci. 2014 Jul 23;8:59.<\/em><\/p>\n<!-- \/wp:paragraph -->\n\n<!-- wp:paragraph -->\n<p>Vestibular function and cochlear&nbsp;implant.<\/p>\n<!-- \/wp:paragraph -->\n\n<!-- wp:paragraph -->\n<p>Robard L, <strong>Hitier M<\/strong>, Lebas C, Moreau S.<\/p>\n<!-- \/wp:paragraph -->\n\n<!-- wp:paragraph -->\n<p><em>Eur Arch Otorhinolaryngol. 2014 Apr 16.<\/em><\/p>\n<!-- \/wp:paragraph -->\n\n<!-- wp:paragraph -->\n<p>New&nbsp;Treatment of Vertigo Caused by Jugular Bulb Abnormalities.<\/p>\n<!-- \/wp:paragraph -->\n\n<!-- wp:paragraph -->\n<p><strong>Hitier M<\/strong>, Barbier C, Marie-Aude T, Moreau S, Courtheoux P, Patron V.<\/p>\n<!-- \/wp:paragraph -->\n\n<!-- wp:paragraph -->\n<p><em>Surg Innov. 2013 Dec30;21(4):365-371.&nbsp;<\/em><\/p>\n<!-- \/wp:paragraph -->\n\n<!-- wp:paragraph -->\n<p>Patron V, <strong>Hitier M<\/strong>, Bedfert C, M\u00e9treau A, Dugu\u00e9 A, Jegoux F.<\/p>\n<!-- \/wp:paragraph -->\n\n<!-- wp:paragraph -->\n<p>Predictive factors for lateral occult lymph node metastasis in papillary thyroid carcinoma.<\/p>\n<!-- \/wp:paragraph -->\n\n<!-- wp:paragraph -->\n<p><em>Eur Arch Otorhinolaryngol. 2013 Jul;270(7):2095-100.<\/em><\/p>\n<!-- \/wp:paragraph -->\n\n<!-- wp:paragraph -->\n<p>Patron V, Th\u00e9nint MA, Robard L, Boittin F, Babin E, <strong>Hitier M<\/strong>.<\/p>\n<!-- \/wp:paragraph -->\n\n<!-- wp:paragraph -->\n<p>A freak of&nbsp;nature.<\/p>\n<!-- \/wp:paragraph -->\n\n<!-- wp:paragraph -->\n<p><em>Eur Ann Otorhinolaryngol Head Neck Dis. 2013 Dec;130(6):355-7.<\/em><\/p>\n<!-- \/wp:paragraph -->\n\n<!-- wp:paragraph -->\n<p><strong>Hitier M,<\/strong> Boutet C, Faure C, Abadie C, Moreau S.<\/p>\n<!-- \/wp:paragraph -->\n\n<!-- wp:paragraph -->\n<p>Radiology quiz case 2.&nbsp;Gradenigo syndrome caused by right petrous apicitis.<\/p>\n<!-- \/wp:paragraph -->\n\n<!-- wp:paragraph -->\n<p><em>Arch Otolaryngol Head Neck&nbsp;Surg. 2010 Feb;136(2):201; 203.<\/em><\/p>\n<!-- \/wp:paragraph -->\n\n<!-- wp:paragraph -->\n<p><strong>Hitier M<\/strong>, Zhang M, Labrousse M, Barbier C, Patron V, Moreau S.<\/p>\n<!-- \/wp:paragraph -->\n\n<!-- wp:paragraph -->\n<p>Persistent&nbsp;stapedial arteries in human: from phylogeny to surgical consequences.<\/p>\n<!-- \/wp:paragraph -->\n\n<!-- wp:paragraph -->\n<p><em>Surg Radiol&nbsp;Anat. 2013 Dec;35(10):883-91.&nbsp;<\/em><\/p>\n<!-- \/wp:paragraph -->\n\n<!-- wp:paragraph -->\n<p>Patron V, <strong>Hitier M<\/strong>, Bedfert C, Le Clech G, J\u00e9goux F.<\/p>\n<!-- \/wp:paragraph -->\n\n<!-- wp:paragraph -->\n<p>Occult lymph node&nbsp;metastases increase locoregional recurrence in differentiated thyroid carcinoma.<\/p>\n<!-- \/wp:paragraph -->\n\n<!-- wp:paragraph -->\n<p><em>Ann Otol Rhinol Laryngol. 2012 May;121(5):283-90.<\/em><\/p>\n<!-- \/wp:paragraph -->\n\n<!-- wp:paragraph -->\n<p><strong>Hitier M<\/strong>, Hibon R, Candelier G, Guarnieri J, Moreau S, Babin E.<\/p>\n<!-- \/wp:paragraph -->\n\n<!-- wp:paragraph -->\n<p>The uses of&nbsp;computer-assisted surgical navigation in trans-nasal pituitary gland surgery.<\/p>\n<!-- \/wp:paragraph -->\n\n<!-- wp:paragraph -->\n<p><em>Rev&nbsp;Laryngol Otol Rhinol (Bord). 2009;130(3):151-7.<\/em><\/p>\n<!-- \/wp:paragraph -->\n\n<!-- wp:paragraph -->\n<p><strong>Hitier M<\/strong>, Besnard S, Vignaux G, Denise P, Moreau S.<\/p>\n<!-- \/wp:paragraph -->\n\n<!-- wp:paragraph -->\n<p>The ventrolateral&nbsp;surgical approach to labyrinthectomy in rats: anatomical description and clinical&nbsp;consequences.<\/p>\n<!-- \/wp:paragraph -->\n\n<!-- wp:paragraph -->\n<p><em>Surg Radiol Anat. 2010 Nov;32(9):835-42.<\/em><\/p>\n<!-- \/wp:paragraph -->\n\n<!-- wp:paragraph -->\n<p>Plisson L, Patron V, Luna AB, Babin E, <strong>Hitier M.<\/strong><\/p>\n<!-- \/wp:paragraph -->\n\n<!-- wp:paragraph -->\n<p>Laryngeal paraganglioma&nbsp;mimicking a laryngeal haemangioma.<\/p>\n<!-- \/wp:paragraph -->\n\n<!-- wp:paragraph -->\n<p><em>Rev Laryngol Otol Rhinol (Bord).&nbsp;2013;134(2):109-12.&nbsp;<\/em><\/p>\n<!-- \/wp:paragraph -->\n\n<!-- wp:paragraph -->\n<p>Blanchard D, Hibon R, <strong>Hitier M<\/strong>, Galateau-Sall\u00e9 F, Abadie-Koebele C, Babin E.<\/p>\n<!-- \/wp:paragraph -->\n\n<!-- wp:paragraph -->\n<p>[Cranial fasciitis of childhood].<\/p>\n<!-- \/wp:paragraph -->\n\n<!-- wp:paragraph -->\n<p><em>Rev Laryngol Otol Rhinol (Bord).&nbsp;2010;131(4-5):289-93.&nbsp;<\/em><\/p>\n<!-- \/wp:paragraph -->\n\n<!-- wp:paragraph -->\n<p>Babin E, Beynier D, Le Gall D, <strong>Hitier M<\/strong>.<\/p>\n<!-- \/wp:paragraph -->\n\n<!-- wp:paragraph -->\n<p>Psychosocial quality of life in&nbsp;patients after total laryngectomy.<\/p>\n<!-- \/wp:paragraph -->\n\n<!-- wp:paragraph -->\n<p><em>Rev Laryngol Otol Rhinol (Bord).&nbsp;2009;130(1):29-34.<\/em><\/p>\n<!-- \/wp:paragraph -->\n\n<!-- wp:paragraph -->\n<p>Robard L, Blanchard D, Babin E, Loaec M, <strong>Hitier M<\/strong>.<\/p>\n<!-- \/wp:paragraph -->\n\n<!-- wp:paragraph -->\n<p>[Esophageal foreign body:dental plate].<\/p>\n<!-- \/wp:paragraph -->\n\n<!-- wp:paragraph -->\n<p><em>Rev Laryngol Otol Rhinol (Bord). 2011;132(4-5):251-4.<\/em><\/p>\n<!-- \/wp:paragraph -->\n\n<!-- wp:paragraph -->\n<p>Babin E, Desmonts C, Hamon M, B\u00e9nateau H, <strong>Hitier M.<\/strong><\/p>\n<!-- \/wp:paragraph -->\n\n<!-- wp:paragraph -->\n<p>PET\/CT for assessing&nbsp;mandibular invasion by intraoral squamous cell carcinomas.<\/p>\n<!-- \/wp:paragraph -->\n\n<!-- wp:paragraph -->\n<p><em>Clin Otolaryngol. 2008&nbsp;Feb;33(1):47-51<\/em>.<\/p>\n<!-- \/wp:paragraph -->\n\n<!-- wp:paragraph -->\n<p>Loa\u00ebc M, Morini\u00e8re S, <strong>Hitier M<\/strong>, Ferrant O, Plauchu H, Babin E.<\/p>\n<!-- \/wp:paragraph -->\n\n<!-- wp:paragraph -->\n<p>Psychosocial&nbsp;quality of life in hereditary haemorrhagic telangiectasia patients.<\/p>\n<!-- \/wp:paragraph -->\n\n<!-- wp:paragraph -->\n<p><em>Rhinology.&nbsp;2011 Jun;49(2):164-7.<\/em><\/p>\n<!-- \/wp:paragraph -->\n\n<!-- wp:paragraph -->\n<p>Nicolle A, de la Blanchardi\u00e8re A, Bonhomme J, Hamon M, Leclercq R, <strong>Hitier M.<\/strong><\/p>\n<!-- \/wp:paragraph -->\n\n<!-- wp:paragraph -->\n<p>Aspergillus vertebral osteomyelitis in immunocompetent subjects: case report and<\/p>\n<!-- \/wp:paragraph -->\n\n<!-- wp:paragraph -->\n<p>review of the literature.<\/p>\n<!-- \/wp:paragraph -->\n\n<!-- wp:paragraph -->\n<p><em>Infection. 2013 Aug;41(4):833-40.&nbsp;<\/em><\/p>\n<!-- \/wp:paragraph -->\n\n<!-- wp:paragraph -->\n<p>Babin E, Sigston E, <strong>Hitier M<\/strong>, Dehesdin D, Marie JP, Choussy O.<\/p>\n<!-- \/wp:paragraph -->\n\n<!-- wp:paragraph -->\n<p>Quality of&nbsp;life in head and neck cancers patients: predictive factors, functional and<\/p>\n<!-- \/wp:paragraph -->\n\n<!-- wp:paragraph -->\n<p>psychosocial outcome.<\/p>\n<!-- \/wp:paragraph -->\n\n<!-- wp:paragraph -->\n<p>Eur Arch Otorhinolaryngol. 2008 Mar;265(3):265-70.<\/p>\n<!-- \/wp:paragraph -->\n\n<!-- wp:paragraph -->\n<p>Babin E, Blanchard D, <strong>Hitier M<\/strong>.<\/p>\n<!-- \/wp:paragraph -->\n\n<!-- wp:paragraph -->\n<p>Management of total laryngectomy patients&nbsp;over time: from the consultation announcing the diagnosis to long term follow-up.<\/p>\n<!-- \/wp:paragraph -->\n\n<!-- wp:paragraph -->\n<p><em>Eur Arch Otorhinolaryngol. 2011 Oct;268(10):1407-19.&nbsp;<\/em><\/p>\n<!-- \/wp:paragraph -->\n\n<!-- wp:paragraph -->\n<p>Vedrine PO, Thariat J, <strong>Hitier M<\/strong>, Janot F, Kaminsky MC, Makeieff M, De<\/p>\n<!-- \/wp:paragraph -->\n\n<!-- wp:paragraph -->\n<p>Raucourt D, Lapeyre M, Toussaint B; French Groupe d'Etude des Tumeurs de la T\u00eate<\/p>\n<!-- \/wp:paragraph -->\n\n<!-- wp:paragraph -->\n<p>et du Cou Group.<\/p>\n<!-- \/wp:paragraph -->\n\n<!-- wp:paragraph -->\n<p>Need for neck dissection after radiochemotherapy? A study of the&nbsp;French GETTEC Group.<\/p>\n<!-- \/wp:paragraph -->\n\n<!-- wp:paragraph -->\n<p><em>Laryngoscope. 2008 Oct;118(10):1775-80.&nbsp;<\/em><\/p>\n<!-- \/wp:paragraph -->\n\n<!-- wp:paragraph -->\n<p>Babin E, Edy E, B\u00e9quignon A, <strong>Hitier M.<\/strong><\/p>\n<!-- \/wp:paragraph -->\n\n<!-- wp:paragraph -->\n<p>[Personal and social identity&nbsp;transformations that occur over time among patients with total laryngectomy].<\/p>\n<!-- \/wp:paragraph -->\n\n<!-- wp:paragraph -->\n<p><em>J&nbsp;Otolaryngol Head Neck Surg. 2008 Aug;37(4):495-501.<\/em><\/p>\n<!-- \/wp:paragraph -->\n\n<!-- wp:paragraph -->\n<p>Denise P, Besnard S, Vignaux G, Sabatier JP, Edy E, <strong>Hitier M,<\/strong> Levasseur R.<\/p>\n<!-- \/wp:paragraph -->\n\n<!-- wp:paragraph -->\n<p>Sympathetic B antagonist prevents bone mineral density decrease induced by<\/p>\n<!-- \/wp:paragraph -->\n\n<!-- wp:paragraph -->\n<p>labyrinthectomy.<\/p>\n<!-- \/wp:paragraph -->\n\n<!-- wp:paragraph -->\n<p><em>Aviakosm Ekolog Med. 2009 Nov-Dec;43(6):36-8.<\/em><\/p>\n<!-- \/wp:paragraph -->\n\n<!-- wp:paragraph -->\n<p>Vignaux G, Chabbert C, Gaboyard-Niay S, Travo C, Machado ML, Denise P, Comoz<\/p>\n<!-- \/wp:paragraph -->\n\n<!-- wp:paragraph -->\n<p>F, <strong>Hitier M<\/strong>, Landemore G, Philox\u00e8ne B, Besnard S.<\/p>\n<!-- \/wp:paragraph -->\n\n<!-- wp:paragraph -->\n<p>Evaluation of the chemical&nbsp;model of vestibular lesions induced by arsanilate in rats.<\/p>\n<!-- \/wp:paragraph -->\n\n<!-- wp:paragraph -->\n<p><em>Toxicol Appl&nbsp;Pharmacol. 2012 Jan 1;258(1):61-71.&nbsp;<\/em><\/p>\n<!-- \/wp:paragraph -->\n\n<!-- wp:paragraph -->\n<p>Lamotte G, Danaila TC, Jaillon-Rivi\u00e8re V, <strong>Hitier M<\/strong>, Defer GL.<\/p>\n<!-- \/wp:paragraph -->\n\n<!-- wp:paragraph -->\n<p>Paraneoplastic&nbsp;opsoclonus myoclonus with autoantibodies to glutamic acid decarboxylase.<\/p>\n<!-- \/wp:paragraph -->\n\n<!-- wp:paragraph -->\n<p><em>Rev&nbsp;Neurol (Paris). 2014 Jan;170(1):50-1.&nbsp;<\/em><\/p>\n<!-- \/wp:paragraph -->\n\n<!-- wp:paragraph -->\n<p>Borha A, Emery E, Khouri S,<strong> Hitier M,<\/strong> Derlon JM.<\/p>\n<!-- \/wp:paragraph -->\n\n<!-- wp:paragraph -->\n<p>[Giant extradural epidermoid&nbsp;cyst of the posterior fossa].<\/p>\n<!-- \/wp:paragraph -->\n\n<!-- wp:paragraph -->\n<p>Neurochirurgie. 2005 Dec;51(6):599-603.<\/p>\n<!-- \/wp:paragraph -->\n\n<!-- wp:paragraph -->\n<p>Mayaleh HA, Vayer C, Amsellem C, Bouvet A, Duval N, Poiree B, Tran M,Lepeltier V, <strong>Hitier M<\/strong>, Rame JP, Louis Y, De Raucourt D.<\/p>\n<!-- \/wp:paragraph -->\n\n<!-- wp:paragraph -->\n<p>[Interest of&nbsp;peri-operative immunonutrition in head and neck cancers].<\/p>\n<!-- \/wp:paragraph -->\n\n<!-- wp:paragraph -->\n<p><em>Rev Laryngol Otol&nbsp;Rhinol (Bord). 2009;130(4-5):235-40.&nbsp;<\/em><\/p>\n<!-- \/wp:paragraph -->","_et_gb_content_width":"","ngg_post_thumbnail":0,"footnotes":""},"aioseo_notices":[],"_links":{"self":[{"href":"https:\/\/orl-chu-caen.fr\/index.php?rest_route=\/wp\/v2\/pages\/4578"}],"collection":[{"href":"https:\/\/orl-chu-caen.fr\/index.php?rest_route=\/wp\/v2\/pages"}],"about":[{"href":"https:\/\/orl-chu-caen.fr\/index.php?rest_route=\/wp\/v2\/types\/page"}],"author":[{"embeddable":true,"href":"https:\/\/orl-chu-caen.fr\/index.php?rest_route=\/wp\/v2\/users\/1"}],"replies":[{"embeddable":true,"href":"https:\/\/orl-chu-caen.fr\/index.php?rest_route=%2Fwp%2Fv2%2Fcomments&post=4578"}],"version-history":[{"count":10,"href":"https:\/\/orl-chu-caen.fr\/index.php?rest_route=\/wp\/v2\/pages\/4578\/revisions"}],"predecessor-version":[{"id":6257,"href":"https:\/\/orl-chu-caen.fr\/index.php?rest_route=\/wp\/v2\/pages\/4578\/revisions\/6257"}],"wp:attachment":[{"href":"https:\/\/orl-chu-caen.fr\/index.php?rest_route=%2Fwp%2Fv2%2Fmedia&parent=4578"}],"curies":[{"name":"wp","href":"https:\/\/api.w.org\/{rel}","templated":true}]}}