{"id":4137,"date":"2023-06-13T08:04:27","date_gmt":"2023-06-13T06:04:27","guid":{"rendered":"http:\/\/orl-chu-caen.fr\/?page_id=4137"},"modified":"2024-08-17T09:53:30","modified_gmt":"2024-08-17T07:53:30","slug":"le-livret-du-laryngectomise","status":"publish","type":"page","link":"https:\/\/orl-chu-caen.fr\/?page_id=4137","title":{"rendered":"LE LIVRET DU LARYNGECTOMISE"},"content":{"rendered":"<p>[et_pb_section fb_built=\u00a0\u00bb1&Prime; admin_label=\u00a0\u00bbsection\u00a0\u00bb _builder_version=\u00a0\u00bb4.16&Prime; global_colors_info=\u00a0\u00bb{}\u00a0\u00bb][et_pb_row admin_label=\u00a0\u00bbrow\u00a0\u00bb _builder_version=\u00a0\u00bb4.16&Prime; background_size=\u00a0\u00bbinitial\u00a0\u00bb background_position=\u00a0\u00bbtop_left\u00a0\u00bb background_repeat=\u00a0\u00bbrepeat\u00a0\u00bb global_colors_info=\u00a0\u00bb{}\u00a0\u00bb][et_pb_column type=\u00a0\u00bb4_4&Prime; _builder_version=\u00a0\u00bb4.16&Prime; custom_padding=\u00a0\u00bb|||\u00a0\u00bb global_colors_info=\u00a0\u00bb{}\u00a0\u00bb custom_padding__hover=\u00a0\u00bb|||\u00a0\u00bb][et_pb_text admin_label=\u00a0\u00bbText\u00a0\u00bb _builder_version=\u00a0\u00bb4.16&Prime; background_size=\u00a0\u00bbinitial\u00a0\u00bb background_position=\u00a0\u00bbtop_left\u00a0\u00bb background_repeat=\u00a0\u00bbrepeat\u00a0\u00bb global_colors_info=\u00a0\u00bb{}\u00a0\u00bb]<\/p>\n<h3><span dir=\"ltr\">Vous allez \u00eatre op\u00e9r\u00e9(e) <\/span><span dir=\"ltr\">d\u2019une laryngectomie totale?<\/span><\/h3>\n<p><span dir=\"ltr\"><\/span><\/p>\n<p><span dir=\"ltr\">Ce livret vous est destin\u00e9.<\/span><\/p>\n<p><span dir=\"ltr\">Il a \u00e9t\u00e9 cr\u00e9\u00e9 par des professionnels de sant\u00e9 de <\/span><span dir=\"ltr\">l\u2019\u00e9quipe<\/span> <span dir=\"ltr\">ORL<\/span> <span dir=\"ltr\">du<\/span> <span dir=\"ltr\">CHU<\/span> <span dir=\"ltr\">Caen<\/span> <span dir=\"ltr\">Normandie,<\/span> <span dir=\"ltr\">avec <\/span><span dir=\"ltr\">l\u2019aide de personnes op\u00e9r\u00e9es. Il a pour <\/span><span dir=\"ltr\">objectif de vous aider \u00e0 mieux vivre la p\u00e9riode qui <\/span><span dir=\"ltr\">suit l\u2019op\u00e9ration.<\/span><br \/><span dir=\"ltr\">Suite \u00e0 cette chirurgie, vous risquez de rencontrer <\/span><span dir=\"ltr\">des<\/span> <span dir=\"ltr\">moments<\/span> <span dir=\"ltr\">difficiles<\/span> <span dir=\"ltr\">mais,<\/span> <span dir=\"ltr\">progressivement, <\/span><span dir=\"ltr\">vous pourrez reprendre vos activit\u00e9s quotidiennes.<\/span><\/p>\n<p><span dir=\"ltr\"><\/span><\/p>\n<p><span dir=\"ltr\"><\/span><\/p>\n<p>\u00a0Vous pouvez trouver le livret <a href=\"https:\/\/orl-chu-caen.fr\/wp-content\/uploads\/2023\/06\/livret-tracheotomise-national-bd.pdf\">en cliquant sur cette l&rsquo;image:<\/a><\/p>\n<p><a href=\"https:\/\/orl-chu-caen.fr\/wp-content\/uploads\/2023\/06\/livret-tracheotomise-national-bd.pdf\"><img loading=\"lazy\" decoding=\"async\" class=\"alignleft size-full wp-image-4145\" src=\"https:\/\/orl-chu-caen.fr\/wp-content\/uploads\/2023\/06\/livret-imagae-2.png\" alt=\"livret imagae\" width=\"517\" height=\"495\" srcset=\"https:\/\/orl-chu-caen.fr\/wp-content\/uploads\/2023\/06\/livret-imagae-2.png 517w, https:\/\/orl-chu-caen.fr\/wp-content\/uploads\/2023\/06\/livret-imagae-2-300x287.png 300w\" sizes=\"(max-width: 517px) 100vw, 517px\" \/><\/a><\/p>\n<p>[\/et_pb_text][\/et_pb_column][\/et_pb_row][\/et_pb_section]<\/p>\n","protected":false},"excerpt":{"rendered":"<p>Vous allez \u00eatre op\u00e9r\u00e9(e) d\u2019une laryngectomie totale? Ce livret vous est destin\u00e9. Il a \u00e9t\u00e9 cr\u00e9\u00e9 par des professionnels de sant\u00e9 de l\u2019\u00e9quipe ORL du CHU Caen Normandie, avec l\u2019aide de personnes op\u00e9r\u00e9es. Il a pour objectif de vous aider \u00e0 mieux vivre la p\u00e9riode qui suit l\u2019op\u00e9ration.Suite \u00e0 cette chirurgie, vous risquez de rencontrer [&hellip;]<\/p>\n","protected":false},"author":1,"featured_media":4145,"parent":0,"menu_order":0,"comment_status":"closed","ping_status":"closed","template":"","meta":{"_et_pb_use_builder":"on","_et_pb_old_content":"<h3><span dir=\"ltr\">Vous allez \u00eatre op\u00e9r\u00e9(e) <\/span><span dir=\"ltr\">d\u2019une laryngectomie totale?<\/span><\/h3>\r\n<span dir=\"ltr\">Ce livret vous est destin\u00e9.<\/span>\r\n<span dir=\"ltr\">Il a \u00e9t\u00e9 cr\u00e9\u00e9 par des professionnels de sant\u00e9 de <\/span><span dir=\"ltr\">l\u2019\u00e9quipe<\/span> <span dir=\"ltr\">ORL<\/span> <span dir=\"ltr\">du<\/span> <span dir=\"ltr\">CHU<\/span> <span dir=\"ltr\">Caen<\/span> <span dir=\"ltr\">Normandie,<\/span> <span dir=\"ltr\">avec <\/span><span dir=\"ltr\">l\u2019aide de personnes op\u00e9r\u00e9es. Il a pour <\/span><span dir=\"ltr\">objectif de vous aider \u00e0 mieux vivre la p\u00e9riode qui <\/span><span dir=\"ltr\">suit l\u2019op\u00e9ration.<\/span>\r\n<span dir=\"ltr\">Suite \u00e0 cette chirurgie, vous risquez de rencontrer <\/span><span dir=\"ltr\">des<\/span> <span dir=\"ltr\">moments<\/span> <span dir=\"ltr\">difficiles<\/span> <span dir=\"ltr\">mais,<\/span> <span dir=\"ltr\">progressivement, <\/span><span dir=\"ltr\">vous pourrez reprendre vos activit\u00e9s quotidiennes.<\/span>\r\n\r\n&nbsp;Vous pouvez trouver le livret <a href=\"http:\/\/orl-chu-caen.fr\/wp-content\/uploads\/2023\/06\/livret-tracheotomise-national-bd.pdf\">en cliquant sur cette l'image:<\/a>\r\n\r\n<a href=\"http:\/\/orl-chu-caen.fr\/wp-content\/uploads\/2023\/06\/livret-tracheotomise-national-bd.pdf\"><img class=\"alignleft size-full wp-image-4145\" src=\"http:\/\/orl-chu-caen.fr\/wp-content\/uploads\/2023\/06\/livret-imagae-2.png\" alt=\"livret imagae\" width=\"517\" height=\"495\"><\/a>","_et_gb_content_width":"","ngg_post_thumbnail":0,"footnotes":""},"aioseo_notices":[],"_links":{"self":[{"href":"https:\/\/orl-chu-caen.fr\/index.php?rest_route=\/wp\/v2\/pages\/4137"}],"collection":[{"href":"https:\/\/orl-chu-caen.fr\/index.php?rest_route=\/wp\/v2\/pages"}],"about":[{"href":"https:\/\/orl-chu-caen.fr\/index.php?rest_route=\/wp\/v2\/types\/page"}],"author":[{"embeddable":true,"href":"https:\/\/orl-chu-caen.fr\/index.php?rest_route=\/wp\/v2\/users\/1"}],"replies":[{"embeddable":true,"href":"https:\/\/orl-chu-caen.fr\/index.php?rest_route=%2Fwp%2Fv2%2Fcomments&post=4137"}],"version-history":[{"count":9,"href":"https:\/\/orl-chu-caen.fr\/index.php?rest_route=\/wp\/v2\/pages\/4137\/revisions"}],"predecessor-version":[{"id":6130,"href":"https:\/\/orl-chu-caen.fr\/index.php?rest_route=\/wp\/v2\/pages\/4137\/revisions\/6130"}],"wp:featuredmedia":[{"embeddable":true,"href":"https:\/\/orl-chu-caen.fr\/index.php?rest_route=\/wp\/v2\/media\/4145"}],"wp:attachment":[{"href":"https:\/\/orl-chu-caen.fr\/index.php?rest_route=%2Fwp%2Fv2%2Fmedia&parent=4137"}],"curies":[{"name":"wp","href":"https:\/\/api.w.org\/{rel}","templated":true}]}}